{"id":298,"date":"2018-10-11T10:09:09","date_gmt":"2018-10-11T13:09:09","guid":{"rendered":"https:\/\/www.unisantos.br\/pos\/?page_id=298"},"modified":"2020-12-17T13:48:42","modified_gmt":"2020-12-17T16:48:42","slug":"gestao-de-transportes","status":"publish","type":"page","link":"https:\/\/www.unisantos.br\/pos\/lato-sensu\/gestao-de-transportes\/","title":{"rendered":"Gest\u00e3o de Transportes"},"content":{"rendered":"<p><strong>COORDENADOR<\/strong><br \/>\nProf. Dr. Ricardo Kenji Oi<\/p>\n<p><strong>CARGA HOR\u00c1RIA<\/strong><br \/>\n360 horas<\/p>\n<p><b>MODALIDADE<\/b><br \/>\nPresencial<\/p>\n<p><strong>LOCAL<\/strong><br \/>\nCampus Dom Id\u00edlio Jos\u00e9 Soares<\/p>\n<p><strong>OBJETIVOS<br \/>\n<\/strong>Especializar profissionais qualificados para planejar, projetar, operar e gerenciar sistemas de transportes de cargas, nos diferentes modais.<br \/>\nAprimorar a compreens\u00e3o da log\u00edstica e cadeia de suprimentos no gerenciamento de transportes.<br \/>\nPromover a an\u00e1lise dos diferentes modais de transportes e da intermodalidade para elevar o n\u00edvel de servi\u00e7o e a redu\u00e7\u00e3o de custos.<br \/>\nEspecializar os p\u00f3s-graduandos na simula\u00e7\u00e3o computacional para o planejamento da movimenta\u00e7\u00e3o de cargas.<\/p>\n<p><strong>P\u00daBLICO-ALVO<\/strong><b><br \/>\n<\/b>Empres\u00e1rios, gestores e demais profissionais, com gradua\u00e7\u00e3o em n\u00edvel superior, que atuam ou pretendem atuar na \u00e1rea de gest\u00e3o de transportes de cargas.<\/p>\n<p><strong>CONTE\u00daDO CURRICULAR<br \/>\nM\u00f3dulo I: Log\u00edstica<br \/>\n<\/strong>Log\u00edstica e Cadeia de Suprimentos<br \/>\nGest\u00e3o de Terminais Especializados<br \/>\nSistemas de Transporte e Intermodalidade<br \/>\nPlanejamento e Gerenciamento de Frotas<br \/>\n<strong>M\u00f3dulo II: Pesquisa Operacional e Transporte<br \/>\n<\/strong>M\u00e9todos Quantitativos<br \/>\nProcessos Estoc\u00e1sticos Aplicados \u00e0 Gest\u00e3o<br \/>\nM\u00e9todos de Pesquisa Operacional<br \/>\nEngenharia de Tr\u00e1fego<br \/>\nNavega\u00e7\u00e3o e Infraestrutura Portu\u00e1ria<br \/>\nTransporte Ferrovi\u00e1rio<br \/>\n<strong>M\u00f3dulo III: Simula\u00e7\u00e3o, Economia e Legisla\u00e7\u00e3o<br \/>\n<\/strong>Modelagem Computacional<br \/>\nGest\u00e3o Econ\u00f4mica e de Custos<br \/>\nDireito Aplicado aos Transportes<\/p>\n<p><em>Os cursos de Especializa\u00e7\u00e3o\/MBA da Universidade Cat\u00f3lica de Santos atendem \u00e0 normativa vigente sobre os Cursos de P\u00f3s-gradua\u00e7\u00e3o Lato Sensu, a <strong>Resolu\u00e7\u00e3o CNE-CES 1<\/strong>, de 6 de abril de 2018, bem como as Diretrizes Curriculares Nacionais para a Educa\u00e7\u00e3o em Direitos Humanos e para a Educa\u00e7\u00e3o Ambiental. Eles\u00a0foram constru\u00eddos em conson\u00e2ncia com as novas pol\u00edticas p\u00fablicas nacionais para os Cursos de P\u00f3s-gradua\u00e7\u00e3o Lato Sensu,\u00a0que visam estabelecer um padr\u00e3o superior de qualidade para a forma\u00e7\u00e3o de especialistas.<\/em><\/p>\n<p><strong>BENEF\u00cdCIOS (*)<br \/>\n<\/strong>\u2022\u00a0<strong>Bolsa\u00a0Ex-aluno para P\u00f3s-Gradua\u00e7\u00e3o\u00a0<em>Lato Sensu<\/em><\/strong>: 25% de desconto para ex-alunos da Cat\u00f3lica de Santos (curso de Gradua\u00e7\u00e3o conclu\u00eddo).<br \/>\n\u2022\u00a0<strong>Bolsa\u00a0Empresas Conveniadas<\/strong>: descontos vari\u00e1veis para funcion\u00e1rios de empresas conveniadas.\u00a0<strong><a href=\"https:\/\/www.unisantos.br\/convenio-com-empresas\/\">Confira a\u00a0rela\u00e7\u00e3o<\/a><br \/>\n<\/strong>\u2022 <strong>Bolsa Escolas Conveniadas<\/strong>: descontos vari\u00e1veis para professores de escolas conveniadas.<br \/>\n\u2022\u00a0<strong>Bolsa\u00a0Fideliza\u00e7\u00e3o Familiar<\/strong>: 20% para estudante que possua v\u00ednculo de parentesco (c\u00f4njuges, pais e filhos, ou irm\u00e3os) com formados na Universidade, ou com estudantes com matr\u00edcula ativa em cursos de Gradua\u00e7\u00e3o, Especializa\u00e7\u00e3o ou <em>Stricto Sensu<\/em>\u00a0da UniSantos, concomitantemente; ou ainda, num desses e na educa\u00e7\u00e3o b\u00e1sica do Liceu Santista, concomitantemente.<br \/>\n(*) Alguns descontos n\u00e3o se aplicam \u00e0 matr\u00edcula.<\/p>\n<p><strong style=\"line-height: 1.5em;\">SETOR DE ATENDIMENTO<br \/>\n<\/strong><strong><em>Campus<\/em> Dom Id\u00edlio Jos\u00e9 Soares<br \/>\n<\/strong><strong>Endere\u00e7o<\/strong>: Av. Conselheiro N\u00e9bias, 300 \u2013 Vila Mathias, Santos<br \/>\n<strong style=\"line-height: 1.5em;\">Telefone<\/strong><span style=\"line-height: 1.5em;\">: 3205-5555 &#8211; ramal 1388<br \/>\n<strong>Hor\u00e1rios<\/strong>: Segunda a sexta, das 9h \u00e0s 21h, e s\u00e1bado, das 9h \u00e0s 16h.<\/span><\/p>\n<p><strong>Observa\u00e7\u00f5es<br \/>\n<\/strong>\u2022 A Universidade se reserva o direito de alterar o cronograma e o corpo docente.<br \/>\n\u2022 Documenta\u00e7\u00e3o necess\u00e1ria para quem n\u00e3o \u00e9 aluno da Cat\u00f3lica de Santos: c\u00f3pias do RG, CPF, Certid\u00e3o de Nascimento ou Casamento, diploma (autenticado) e Curriculum Vitae (resumido).<br \/>\n\u2022\u00a0A matr\u00edcula pode ser feita independentemente da entrega dos documentos, mas s\u00f3 ser\u00e1 validada depois que eles forem apresentados.<br \/>\n\u2022 A inscri\u00e7\u00e3o presencial s\u00f3 poder\u00e1 ser efetuada pelo interessado no curso, ou por pessoa munida de procura\u00e7\u00e3o autenticada em cart\u00f3rio.<br \/>\n\u2022 A efetiva\u00e7\u00e3o da matr\u00edcula est\u00e1 condicionada ao pagamento do boleto da 1\u00aa. parcela e entrega da documenta\u00e7\u00e3o exigida.<\/p>\n","protected":false},"excerpt":{"rendered":"<p>COORDENADOR Prof. Dr. Ricardo Kenji Oi CARGA HOR\u00c1RIA 360 horas MODALIDADE Presencial LOCAL Campus Dom Id\u00edlio Jos\u00e9 Soares OBJETIVOS Especializar [&hellip;]<\/p>\n","protected":false},"author":1,"featured_media":299,"parent":210,"menu_order":0,"comment_status":"closed","ping_status":"closed","template":"","meta":{"footnotes":""},"_links":{"self":[{"href":"https:\/\/www.unisantos.br\/pos\/wp-json\/wp\/v2\/pages\/298"}],"collection":[{"href":"https:\/\/www.unisantos.br\/pos\/wp-json\/wp\/v2\/pages"}],"about":[{"href":"https:\/\/www.unisantos.br\/pos\/wp-json\/wp\/v2\/types\/page"}],"author":[{"embeddable":true,"href":"https:\/\/www.unisantos.br\/pos\/wp-json\/wp\/v2\/users\/1"}],"replies":[{"embeddable":true,"href":"https:\/\/www.unisantos.br\/pos\/wp-json\/wp\/v2\/comments?post=298"}],"version-history":[{"count":18,"href":"https:\/\/www.unisantos.br\/pos\/wp-json\/wp\/v2\/pages\/298\/revisions"}],"predecessor-version":[{"id":3189,"href":"https:\/\/www.unisantos.br\/pos\/wp-json\/wp\/v2\/pages\/298\/revisions\/3189"}],"up":[{"embeddable":true,"href":"https:\/\/www.unisantos.br\/pos\/wp-json\/wp\/v2\/pages\/210"}],"wp:featuredmedia":[{"embeddable":true,"href":"https:\/\/www.unisantos.br\/pos\/wp-json\/wp\/v2\/media\/299"}],"wp:attachment":[{"href":"https:\/\/www.unisantos.br\/pos\/wp-json\/wp\/v2\/media?parent=298"}],"curies":[{"name":"wp","href":"https:\/\/api.w.org\/{rel}","templated":true}]}}