{"id":246,"date":"2018-10-11T09:26:09","date_gmt":"2018-10-11T12:26:09","guid":{"rendered":"https:\/\/www.unisantos.br\/pos\/?page_id=246"},"modified":"2022-03-07T21:19:38","modified_gmt":"2022-03-08T00:19:38","slug":"mba-em-gestao-empresarial-estrategica","status":"publish","type":"page","link":"https:\/\/www.unisantos.br\/pos\/lato-sensu\/mba-em-gestao-empresarial-estrategica\/","title":{"rendered":"MBA em Gest\u00e3o Empresarial Estrat\u00e9gica"},"content":{"rendered":"<p><iframe loading=\"lazy\" title=\"YouTube video player\" src=\"https:\/\/www.youtube.com\/embed\/xo5fLoKfoJk\" width=\"560\" height=\"315\" frameborder=\"0\" allowfullscreen=\"allowfullscreen\"><\/iframe><\/p>\n<p><strong>Coordena\u00e7\u00e3o:<\/strong> Prof. Me. Alexandre Silva de Barros<\/p>\n<p><strong>Carga Hor\u00e1ria: <\/strong>364 horas<\/p>\n<p><strong>Modalidade<\/strong>: Presencial<\/p>\n<p><strong>Objetivos<br \/>\n<\/strong>\u2022 Desenvolver conhecimentos voltados para a vis\u00e3o global da arquitetura organizacional, com foco na gest\u00e3o estrat\u00e9gica empresarial.<br \/>\n\u2022 Especializar profissionais para o desenvolvimento de compet\u00eancias gerenciais eficazes para descentralizar o processo de gest\u00e3o, bem como para a realiza\u00e7\u00e3o de mudan\u00e7as nas organiza\u00e7\u00f5es, por meio de propostas inovadoras.<br \/>\n\u2022 Estimular a pesquisa e an\u00e1lise estruturada dos dados para tomada de decis\u00e3o e controle dos processos log\u00edsticos nas cadeias de suprimentos.<br \/>\n\u2022 Propiciar conhecimento e aplica\u00e7\u00e3o das principais teorias e t\u00e9cnicas de finan\u00e7as e controladoria.<br \/>\n\u2022 Incentivar o desenvolvimento da capacidade de relacionamento e gest\u00e3o de pessoas.<br \/>\n\u2022 Promover estudos sobre as ferramentas de comunica\u00e7\u00e3o e marketing, com vistas a desenvolver, conhecer e atingir o p\u00fablico-alvo da negocia\u00e7\u00e3o.<br \/>\n\u2022 Incentivar o discente a desenvolver neg\u00f3cios sob a \u00f3tica da preserva\u00e7\u00e3o do meio ambiente, da sustentabilidade e da inclus\u00e3o social.<\/p>\n<p><strong>P\u00fablico-alvo<\/strong>: Profissionais interessados em aumentar os conhecimentos sobre gest\u00e3o do comportamento organizacional. Dirigentes empresariais, gestores, consultores e profissionais que tenham a necessidade de dominar e instrumentalizar os conceitos de gest\u00e3o e transforma\u00e7\u00e3o do comportamento humano dentro das organiza\u00e7\u00f5es.<\/p>\n<p><strong>Conte\u00fado Curricular<br \/>\n<\/strong>Tend\u00eancias e Rela\u00e7\u00f5es do Trabalho<br \/>\nMarketing Globalizado<br \/>\nGest\u00e3o da Produ\u00e7\u00e3o, Opera\u00e7\u00f5es e Qualidade<br \/>\nTerceiro Setor e Responsabilidade Social<br \/>\nGest\u00e3o de Pessoas e Lideran\u00e7a<br \/>\nGest\u00e3o Estrat\u00e9gica de Neg\u00f3cios<br \/>\nCen\u00e1rios Macro e Microecon\u00f4micos e Gest\u00e3o Financeira<br \/>\nLaborat\u00f3rio Vivencial de Conviv\u00eancia Empresarial<br \/>\nGest\u00e3o Financeira<br \/>\nGest\u00e3o Log\u00edstica e da Cadeia de Suprimentos<br \/>\nAprendizagem, Educa\u00e7\u00e3o Corporativa e Gest\u00e3o do Conhecimento e Informa\u00e7\u00e3o<br \/>\nElabora\u00e7\u00e3o e An\u00e1lise de Projetos<br \/>\nJogos de Empresas<\/p>\n<p><em>Os cursos de Especializa\u00e7\u00e3o\/MBA da Universidade Cat\u00f3lica de Santos atendem \u00e0 normativa vigente sobre os Cursos de P\u00f3s-gradua\u00e7\u00e3o Lato Sensu, a <strong>Resolu\u00e7\u00e3o CNE-CES 1<\/strong>, de 6 de abril de 2018, bem como as Diretrizes Curriculares Nacionais para a Educa\u00e7\u00e3o em Direitos Humanos e para a Educa\u00e7\u00e3o Ambiental. Eles\u00a0foram constru\u00eddos em conson\u00e2ncia com as novas pol\u00edticas p\u00fablicas nacionais para os Cursos de P\u00f3s-gradua\u00e7\u00e3o Lato Sensu,\u00a0que visam estabelecer um padr\u00e3o superior de qualidade para a forma\u00e7\u00e3o de especialistas.<\/em><\/p>\n<p><strong>Benef\u00edcios<br \/>\n<\/strong>A Universidade Cat\u00f3lica de Santos oferece os seguintes benef\u00edcios (*)<strong>:<br \/>\n<\/strong>\u2022\u00a0<strong>Bolsa\u00a0Ex-aluno para P\u00f3s-Gradua\u00e7\u00e3o\u00a0<em>Lato Sensu<\/em><\/strong>: 25% de desconto para ex-alunos da Cat\u00f3lica de Santos (curso de Gradua\u00e7\u00e3o conclu\u00eddo).<br \/>\n\u2022\u00a0<strong>Bolsa\u00a0Empresas Conveniadas<\/strong>: descontos vari\u00e1veis para funcion\u00e1rios de empresas conveniadas.\u00a0<strong><a href=\"https:\/\/www.unisantos.br\/convenio-com-empresas\/\">Confira a\u00a0rela\u00e7\u00e3o<\/a><br \/>\n<\/strong>\u2022 <strong>Bolsa Escolas Conveniadas<\/strong>: descontos vari\u00e1veis para professores de escolas conveniadas.<br \/>\n\u2022\u00a0<strong>Bolsa\u00a0Fideliza\u00e7\u00e3o Familiar<\/strong>: 20% para estudante que possua v\u00ednculo de parentesco (c\u00f4njuges, pais e filhos, ou irm\u00e3os) com formados na Universidade, ou com estudantes com matr\u00edcula ativa em cursos de Gradua\u00e7\u00e3o, Especializa\u00e7\u00e3o ou <em>Stricto Sensu<\/em>\u00a0da UniSantos, concomitantemente; ou ainda, num desses e na educa\u00e7\u00e3o b\u00e1sica do Liceu Santista, concomitantemente.<br \/>\n(*) Alguns descontos n\u00e3o se aplicam \u00e0 matr\u00edcula.<\/p>\n<p><strong style=\"line-height: 1.5em;\">Setor de Atendimento<br \/>\n<\/strong><strong><em>Campus<\/em> Dom Id\u00edlio Jos\u00e9 Soares<br \/>\n<\/strong><strong>Endere\u00e7o<\/strong>: Av. Conselheiro N\u00e9bias, 300 \u2013 Vila Mathias, Santos<br \/>\n<strong style=\"line-height: 1.5em;\">Telefone<\/strong><span style=\"line-height: 1.5em;\">: 3205-5555 &#8211; ramal 1388<br \/>\n<strong>Hor\u00e1rios<\/strong>: Segunda a sexta, das 9h \u00e0s 21h, e s\u00e1bado, das 9h \u00e0s 16h.<\/span><\/p>\n<p><strong>Observa\u00e7\u00f5es<br \/>\n<\/strong>\u2022 A Universidade se reserva o direito de alterar o cronograma e o corpo docente.<br \/>\n\u2022 Documenta\u00e7\u00e3o necess\u00e1ria para quem n\u00e3o \u00e9 aluno da Cat\u00f3lica de Santos: c\u00f3pias do RG, CPF, Certid\u00e3o de Nascimento ou Casamento, diploma (autenticado) e Curriculum Vitae (resumido).<br \/>\n\u2022\u00a0A matr\u00edcula pode ser feita independentemente da entrega dos documentos, mas s\u00f3 ser\u00e1 validada depois que eles forem apresentados.<br \/>\n\u2022 A inscri\u00e7\u00e3o presencial s\u00f3 poder\u00e1 ser efetuada pelo interessado no curso, ou por pessoa munida de procura\u00e7\u00e3o autenticada em cart\u00f3rio.<br \/>\n\u2022 A efetiva\u00e7\u00e3o da matr\u00edcula est\u00e1 condicionada ao pagamento do boleto da 1\u00aa. parcela e entrega da documenta\u00e7\u00e3o exigida.<\/p>\n","protected":false},"excerpt":{"rendered":"<p>Coordena\u00e7\u00e3o: Prof. Me. Alexandre Silva de Barros Carga Hor\u00e1ria: 364 horas Modalidade: Presencial Objetivos \u2022 Desenvolver conhecimentos voltados para a [&hellip;]<\/p>\n","protected":false},"author":1,"featured_media":247,"parent":210,"menu_order":0,"comment_status":"closed","ping_status":"closed","template":"","meta":{"footnotes":""},"_links":{"self":[{"href":"https:\/\/www.unisantos.br\/pos\/wp-json\/wp\/v2\/pages\/246"}],"collection":[{"href":"https:\/\/www.unisantos.br\/pos\/wp-json\/wp\/v2\/pages"}],"about":[{"href":"https:\/\/www.unisantos.br\/pos\/wp-json\/wp\/v2\/types\/page"}],"author":[{"embeddable":true,"href":"https:\/\/www.unisantos.br\/pos\/wp-json\/wp\/v2\/users\/1"}],"replies":[{"embeddable":true,"href":"https:\/\/www.unisantos.br\/pos\/wp-json\/wp\/v2\/comments?post=246"}],"version-history":[{"count":41,"href":"https:\/\/www.unisantos.br\/pos\/wp-json\/wp\/v2\/pages\/246\/revisions"}],"predecessor-version":[{"id":4380,"href":"https:\/\/www.unisantos.br\/pos\/wp-json\/wp\/v2\/pages\/246\/revisions\/4380"}],"up":[{"embeddable":true,"href":"https:\/\/www.unisantos.br\/pos\/wp-json\/wp\/v2\/pages\/210"}],"wp:featuredmedia":[{"embeddable":true,"href":"https:\/\/www.unisantos.br\/pos\/wp-json\/wp\/v2\/media\/247"}],"wp:attachment":[{"href":"https:\/\/www.unisantos.br\/pos\/wp-json\/wp\/v2\/media?parent=246"}],"curies":[{"name":"wp","href":"https:\/\/api.w.org\/{rel}","templated":true}]}}