{"id":27,"date":"2018-03-23T14:51:24","date_gmt":"2018-03-23T17:51:24","guid":{"rendered":"http:\/\/www.unisantos.br\/mostradepesquisappge\/?page_id=27"},"modified":"2021-10-29T17:32:34","modified_gmt":"2021-10-29T20:32:34","slug":"apresentacao","status":"publish","type":"page","link":"https:\/\/www.unisantos.br\/mostradepesquisappge\/apresentacao\/","title":{"rendered":"APRESENTA\u00c7\u00c3O"},"content":{"rendered":"<h1 style=\"text-align: center\"><strong>XVI MOSTRA DE PESQUISA: EDUCA\u00c7\u00c3O, DEMOCRACIA E UTOPIA<\/strong><\/h1>\n<p>&nbsp;<\/p>\n<p>A Mostra de Pesquisa em Educa\u00e7\u00e3o tem o objetivo de estimular a produ\u00e7\u00e3o, o interc\u00e2mbio e a reflex\u00e3o cr\u00edtica do conhecimento produzido na \u00e1rea da Educa\u00e7\u00e3o, contribuindo para a socializa\u00e7\u00e3o e a integra\u00e7\u00e3o de docentes, discentes, egressos, participantes de grupos de pesquisa do Programa de P\u00f3s-Gradua\u00e7\u00e3o Stricto Sensu em Educa\u00e7\u00e3o (PPGE), de demais pesquisadores e interessados na \u00e1rea. Considerando o centen\u00e1rio do nascimento de Paulo Freire, prestar homenagem ao Patrono da Educa\u00e7\u00e3o brasileira. Concomitantemente, comemorar os 70 anos da Universidade, 20 anos da P\u00f3s-gradua\u00e7\u00e3o e 16 anos da Mostra de Pesquisa.<\/p>\n<h3>Eixos Tem\u00e1ticos<\/h3>\n<p><strong>T1 &#8211; Educa\u00e7\u00e3o e democracia<br \/>\n<\/strong>O eixo tem\u00e1tico &#8220;Educa\u00e7\u00e3o e democracia&#8221; tem por objetivo propiciar um espa\u00e7o de compartilhamento de saberes relacionados a aspectos inclusivos, associados a contextos hist\u00f3ricos, pol\u00edticos, sociais, culturais e educativos. Socializar os trabalhos que abranjam o conceito e a pr\u00e1tica da democracia na educa\u00e7\u00e3o, as formas de entender, agir e se relacionar. Dentre os objetivos destaca-se a aprendizagem sobre a rela\u00e7\u00e3o entre as teorias e a pr\u00e1ticas da democracia, da inclus\u00e3o e da acessibilidade, do cooperativismo e da sustentabilidade ambiental.<strong><br \/>\n<\/strong><\/p>\n<p><strong>T2 &#8211; Hist\u00f3ria da educa\u00e7\u00e3o<br \/>\n<\/strong>O eixo tem\u00e1tico &#8220;Hist\u00f3ria da educa\u00e7\u00e3o&#8221; tem por objetivo compor um espa\u00e7o de apresenta\u00e7\u00e3o, compartilhamento e reflex\u00e3o de trabalhos oriundos de pesquisas que circulam em torno da Hist\u00f3ria da Educa\u00e7\u00e3o. Abordar\u00e1 temas como: Hist\u00f3ria e historiografia da educa\u00e7\u00e3o, metodologias e possibilidades de pesquisa na hist\u00f3ria da educa\u00e7\u00e3o e promover um di\u00e1logo reflexivo sobre a relev\u00e2ncia e a contribui\u00e7\u00e3o da hist\u00f3ria da educa\u00e7\u00e3o e seus pressupostos te\u00f3ricos e metodol\u00f3gicos para a compreens\u00e3o do processo de constitui\u00e7\u00e3o, consolida\u00e7\u00e3o, institucionaliza\u00e7\u00e3o e democratiza\u00e7\u00e3o da educa\u00e7\u00e3o<strong><br \/>\n<\/strong><\/p>\n<p><strong>T3 \u2013 Pol\u00edticas, curr\u00edculo e pr\u00e1ticas docentes<br \/>\n<\/strong>O eixo tem\u00e1tico &#8220;Pol\u00edticas, curr\u00edculo e pr\u00e1ticas docentes&#8221; tem por objetivo debater, pesquisar e socializar conhecimentos sobre as viv\u00eancias escolares que s\u00e3o fundamentais para potencializar novas abordagens e formular poss\u00edveis caminhos emancipat\u00f3rios para a educa\u00e7\u00e3o atrav\u00e9s de trabalhos que dialoguem com pol\u00edticas p\u00fablicas educacionais, o curr\u00edculo escolar, pr\u00e1tica docente e did\u00e1tica, analisando quest\u00f5es sociais e do ensino.<strong><br \/>\n<\/strong><\/p>\n<p><strong>\u00a0<\/strong><strong>T4 &#8211; Forma\u00e7\u00e3o docente<br \/>\n<\/strong>O eixo tem\u00e1tico &#8220;Forma\u00e7\u00e3o docente&#8221; tem por objetivo propiciar reflex\u00f5es sobre a educa\u00e7\u00e3o e o papel do professor como produtor e mediador de saberes e aprendente nessa pr\u00e1tica social. Isto \u00e9, a forma\u00e7\u00e3o docente (inicial e continuada) saberes e pr\u00e1ticas docentes.\u00a0 A forma\u00e7\u00e3o e o trabalho docente, desafios da forma\u00e7\u00e3o, o contexto do cotidiano escolar, a identidade dial\u00f3gica, reflexiva, cr\u00edtica dos integrantes e dos trabalhos desenvolvidos na pr\u00e1xis pedag\u00f3gica, colocando a epistemologia, metodologia, rigor cient\u00edfico e sensibilidade como categorias norteadoras da pr\u00e1tica desse espa\u00e7o de reflex\u00e3o. As pesquisas tamb\u00e9m podem perpassar sobre as experi\u00eancias e an\u00e1lises do tempo presente, decorrentes da pandemia.<strong><br \/>\n<\/strong><\/p>\n<hr \/>\n<p><strong>P\u00fablico-alvo<\/strong>: Pesquisadores\/estudantes da Universidade Cat\u00f3lica de Santos; pesquisadores\/estudantes externos, de institui\u00e7\u00f5es p\u00fablicas e privadas; e demais interessados na tem\u00e1tica da Educa\u00e7\u00e3o.<\/p>\n<p><strong>Per\u00edodo da Mostra<\/strong>: De 16 a 18 de novembro de 2021.<\/p>\n<p><strong>Inscri\u00e7\u00f5es:<\/strong> De 01\/09\/2021 a 12 de novembro de 2021.<\/p>\n<p><strong>Per\u00edodo de envio de trabalhos<\/strong>: De 01\/09\/2021 a 30\/10\/2021<strong> (prorrogado para 11\/11\/2021)<\/strong><\/p>\n<p><strong>Resultado da avalia\u00e7\u00e3o dos trabalhos enviados<\/strong>: at\u00e9 05\/11\/2021<\/p>\n<p><strong>Per\u00edodo para reenvio dos trabalhos:<\/strong> at\u00e9 10\/11\/2021 (reenvio \u00fanico).<\/p>\n<p><strong>Parecer final:<\/strong> at\u00e9 12\/11\/2021.<\/p>\n<p><b>Transmiss\u00e3o<\/b>\u00a0online.<\/p>\n<p><strong>E-mail<\/strong>: mostrapesquisaeducacao@unisantos.br<\/p>\n<p><strong><a href=\"https:\/\/eventos.unisantos.br\/xvimostradepesquisaeducacao2021\/\"><span style=\"color: #0000ff\">Clique aqui para fazer sua inscri\u00e7\u00e3o<\/span><\/a>.<\/strong> A taxa \u00e9 de R$ 30,00 e d\u00e1 direito \u00e0 submiss\u00e3o de trabalhos e participa\u00e7\u00e3o em todas as atividades da mostra.<\/p>\n<p>&nbsp;<\/p>\n","protected":false},"excerpt":{"rendered":"<p>XVI MOSTRA DE PESQUISA: EDUCA\u00c7\u00c3O, DEMOCRACIA E UTOPIA &nbsp; A Mostra de Pesquisa em Educa\u00e7\u00e3o tem o objetivo de estimular [&hellip;]<\/p>\n","protected":false},"author":1,"featured_media":0,"parent":0,"menu_order":0,"comment_status":"closed","ping_status":"closed","template":"","meta":{"footnotes":""},"_links":{"self":[{"href":"https:\/\/www.unisantos.br\/mostradepesquisappge\/wp-json\/wp\/v2\/pages\/27"}],"collection":[{"href":"https:\/\/www.unisantos.br\/mostradepesquisappge\/wp-json\/wp\/v2\/pages"}],"about":[{"href":"https:\/\/www.unisantos.br\/mostradepesquisappge\/wp-json\/wp\/v2\/types\/page"}],"author":[{"embeddable":true,"href":"https:\/\/www.unisantos.br\/mostradepesquisappge\/wp-json\/wp\/v2\/users\/1"}],"replies":[{"embeddable":true,"href":"https:\/\/www.unisantos.br\/mostradepesquisappge\/wp-json\/wp\/v2\/comments?post=27"}],"version-history":[{"count":25,"href":"https:\/\/www.unisantos.br\/mostradepesquisappge\/wp-json\/wp\/v2\/pages\/27\/revisions"}],"predecessor-version":[{"id":379,"href":"https:\/\/www.unisantos.br\/mostradepesquisappge\/wp-json\/wp\/v2\/pages\/27\/revisions\/379"}],"wp:attachment":[{"href":"https:\/\/www.unisantos.br\/mostradepesquisappge\/wp-json\/wp\/v2\/media?parent=27"}],"curies":[{"name":"wp","href":"https:\/\/api.w.org\/{rel}","templated":true}]}}