{"id":97,"date":"2013-06-18T15:00:57","date_gmt":"2013-06-18T18:00:57","guid":{"rendered":"https:\/\/www.unisantos.br\/?page_id=97"},"modified":"2026-02-03T19:59:18","modified_gmt":"2026-02-03T22:59:18","slug":"ciencias-contabeis","status":"publish","type":"page","link":"https:\/\/www.unisantos.br\/graduacao\/ciencias-contabeis\/","title":{"rendered":"Ci\u00eancias Cont\u00e1beis"},"content":{"rendered":"<p><strong>Per\u00edodos<br \/>\n<\/strong>Manh\u00e3 e Noite<br \/>\n(O curso \u00e9 oferecido no per\u00edodo matutino at\u00e9 o 4\u00ba. semestre. A partir do 5\u00ba.,<br \/>\nos estudantes cursam no per\u00edodo noturno)<\/p>\n<p><strong>Dura\u00e7\u00e3o<br \/>\n<\/strong>8 semestres<\/p>\n<p><strong>Conceito Enade <\/strong><strong>4<\/strong><\/p>\n<p><a class=\"botao-curso\" href=\"https:\/\/www.unisantos.br\/graduacao\/ciencias-contabeis\/diferenciais-unicos-de-ciencias-contabeis\/\" target=\"_blank\" rel=\"noopener\">Diferenciais<\/a> <a class=\"botao-curso\" href=\"https:\/\/www.unisantos.br\/bolsas\/\">Bolsas<\/a> <a class=\"botao-curso\" href=\"https:\/\/www.unisantos.br\/convenio-com-empresas\/\">Conv\u00eanios<\/a> <a class=\"botao-curso\" href=\"https:\/\/www.unisantos.br\/graduacao\/ciencias-contabeis\/programa-de-estagio\/\" target=\"_blank\" rel=\"noopener\">Est\u00e1gio<\/a> <a class=\"botao-curso\" href=\"https:\/\/www.unisantos.br\/internacional\/convenios\/\">Interc\u00e2mbio<\/a> <a class=\"botao-curso\" href=\"https:\/\/www.unisantos.br\/graduacao\/ciencias-contabeis\/noticias-do-curso-de-ciencias-contabeis\/\" target=\"_blank\" rel=\"noopener\">Not\u00edcias<\/a><\/p>\n<p><img loading=\"lazy\" decoding=\"async\" class=\"alignnone wp-image-32394 size-full\" src=\"https:\/\/www.unisantos.br\/graduacao\/wp-content\/uploads\/sites\/4\/2018\/07\/ciencias-contabeis.jpg\" alt=\"\" width=\"1280\" height=\"720\" \/><\/p>\n<p>O Curso de CI\u00caNCIAS CONT\u00c1BEIS\u00a0da Cat\u00f3lica de Santos \u00e9 focado na Contabilidade e Controle Gerencial. Com base s\u00f3lida e um curr\u00edculo diferenciado, prepara voc\u00ea para atuar nas \u00e1reas comercial, fiscal, tribut\u00e1ria, auditoria e per\u00edcia cont\u00e1bil.<\/p>\n<p><strong>Onde voc\u00ea pode trabalhar<\/strong><br \/>\n\u2022 Empresas de audit\u00f3ria<br \/>\n\u2022 Per\u00edcia cont\u00e1bil<br \/>\n\u2022 Escrit\u00f3rios de contabilidade<br \/>\n\u2022 Institui\u00e7\u00f5es financeiras<br \/>\n\u2022 \u00d3rg\u00e3os p\u00fablicos<br \/>\n\u2022 Empresas (toda e qualquer empresa legalmente constitu\u00eddas por lei necessita de um contador)<\/p>\n<p><strong>Estrutura \u00daNICA que une teoria e pr\u00e1tica<\/strong><br \/>\nPara preparar voc\u00ea para o mercado de trabalho, o Curso de CI\u00caNCIAS CONT\u00c1BEIS\u00a0oferece laborat\u00f3rios de inform\u00e1tica com softwares de Contabilidade e biblioteca especializada com acervo espec\u00edfico. Voc\u00ea tamb\u00e9m tem a oportunidade de prestar servi\u00e7os \u00e0 comunidade como a elabora\u00e7\u00e3o do Imposto de Renda. A Empresa J\u00fanior da Cat\u00f3lica de Santos tem estrutura completa para desenvolver projetos colocando voc\u00ea rapidamente no mercado de trabalho.<\/p>\n","protected":false},"excerpt":{"rendered":"<p>Per\u00edodos Manh\u00e3 e Noite (O curso \u00e9 oferecido no per\u00edodo matutino at\u00e9 o 4\u00ba. semestre. A partir do 5\u00ba., os estudantes cursam [&hellip;]<\/p>\n","protected":false},"author":1,"featured_media":38402,"parent":0,"menu_order":0,"comment_status":"open","ping_status":"closed","template":"curso.php","meta":{"footnotes":""},"acf":{"endereco":"<p><strong><img loading=\"lazy\" decoding=\"async\" class=\"alignnone size-full wp-image-35713\" src=\"https:\/\/www.unisantos.br\/graduacao\/wp-content\/uploads\/sites\/4\/2020\/09\/pin.png\" alt=\"\" width=\"24\" height=\"31\" \/><br \/>\n<\/strong>Campus D. Id\u00edlio Jos\u00e9 Soares<br \/>\nAvenida Conselheiro N\u00e9bias, 300 &#8211; Vila Mathias<\/p>\n","coordenador":"<p><img loading=\"lazy\" decoding=\"async\" class=\"alignnone wp-image-41947\" src=\"https:\/\/www.unisantos.br\/graduacao\/wp-content\/uploads\/sites\/4\/2024\/05\/monteiro-300x300.png\" alt=\"\" width=\"190\" height=\"191\" srcset=\"https:\/\/www.unisantos.br\/graduacao\/wp-content\/uploads\/sites\/4\/2024\/05\/monteiro-300x300.png 300w, https:\/\/www.unisantos.br\/graduacao\/wp-content\/uploads\/sites\/4\/2024\/05\/monteiro-150x150.png 150w, https:\/\/www.unisantos.br\/graduacao\/wp-content\/uploads\/sites\/4\/2024\/05\/monteiro.png 355w\" sizes=\"(max-width: 190px) 100vw, 190px\" \/><\/p>\n<p><strong>Coordenador do Curso de Ci\u00eancias Cont\u00e1beis<br \/>\n<\/strong>Prof.\u00a0Me. Antonio Alvarez Monteiro<\/p>\n<p><img loading=\"lazy\" decoding=\"async\" class=\"alignnone size-full wp-image-35714\" src=\"https:\/\/www.unisantos.br\/graduacao\/wp-content\/uploads\/sites\/4\/2020\/09\/tel.png\" alt=\"\" width=\"17\" height=\"24\" \/>Telefone: 3205-5555 \u2013 ramal 1325<br \/>\n<img loading=\"lazy\" decoding=\"async\" class=\"alignnone size-full wp-image-35712\" src=\"https:\/\/www.unisantos.br\/graduacao\/wp-content\/uploads\/sites\/4\/2020\/09\/email.png\" alt=\"\" width=\"23\" height=\"18\" \/>E-mail:\u00a0coord.contab@unisantos.br<\/p>\n","diretor":"","rodape":"<p><strong>Fundamento legal para o funcionamento do curso<\/strong><br \/>\n<strong>Autoriza\u00e7\u00e3o:\u00a0<\/strong>Decreto n\u00ba 74.682\/1974<br \/>\n<strong>Reconhecimento:\u00a0<\/strong>Decreto n\u00ba 81.900\/1978<br \/>\n<strong>\u00daltima renova\u00e7\u00e3o de reconhecimento:\u00a0<\/strong>Portaria MEC n\u00ba. 271\/2017<\/p>\n","periodo":["manha","noite"],"duracao":"8 semestres","estrutura_unica":"Para preparar voc\u00ea para o mercado de trabalho, o Curso de CI\u00caNCIAS CONT\u00c1BEIS\u00a0oferece laborat\u00f3rios de inform\u00e1tica com softwares de Contabilidade e biblioteca especializada com acervo espec\u00edfico. Voc\u00ea tamb\u00e9m tem a oportunidade de prestar servi\u00e7os \u00e0 comunidade como a elabora\u00e7\u00e3o do Imposto de Renda. A Empresa J\u00fanior da Cat\u00f3lica de Santos tem estrutura completa para desenvolver projetos colocando voc\u00ea rapidamente no mercado de trabalho.","onde_trabalhar":" Empresas de auditoria \/ Per\u00edcia cont\u00e1bil \/ Escrit\u00f3rios de contabilidade \/ Institui\u00e7\u00f5es financeiras \/ \u00d3rg\u00e3os p\u00fablicos \/ Empresas (toda e qualquer empresa legalmente constitu\u00eddas por lei necessita de um contador)","conceito-mec":{"conceito":"Conceito Enade","valor":"4"},"modalidade":["presencial"],"video":"","icone":"https:\/\/www.unisantos.br\/graduacao\/wp-content\/uploads\/sites\/4\/2021\/11\/CIENCIAS-CONTABEIS.svg","texto_premio":"VENHA FAZER UM DOS <br \/>\r\nCURSOS <B>MAIS PREMIADOS<\/B> <br \/>\r\nDO PA\u00cdS E O <B>MELHOR<\/B> <br \/>\r\nDA REGI\u00c3O","premios":[{"imagem":"https:\/\/www.unisantos.br\/graduacao\/wp-content\/uploads\/sites\/4\/2024\/10\/mec3-DOURADO-PARA-O-SITE.png","link":""},{"imagem":"https:\/\/www.unisantos.br\/graduacao\/wp-content\/uploads\/sites\/4\/2024\/10\/SELO-PROJETO-INOVADOR.png","link":""},{"imagem":"https:\/\/www.unisantos.br\/graduacao\/wp-content\/uploads\/sites\/4\/2024\/10\/selo-ciencias-contabeis.png","link":""}],"titulo_conv":"<b>PARCERIAS<\/b> ESTRAT\u00c9GICAS","convenios":[{"logo":"https:\/\/www.unisantos.br\/graduacao\/wp-content\/uploads\/sites\/4\/2021\/11\/receita-federal-br.png","link":""},{"logo":"https:\/\/www.unisantos.br\/graduacao\/wp-content\/uploads\/sites\/4\/2021\/11\/associacao-comercial-santos.png","link":""},{"logo":"https:\/\/www.unisantos.br\/graduacao\/wp-content\/uploads\/sites\/4\/2021\/11\/santander.png","link":""},{"logo":"https:\/\/www.unisantos.br\/graduacao\/wp-content\/uploads\/sites\/4\/2021\/11\/fund-parque-tecnologico-1.png","link":""},{"logo":"https:\/\/www.unisantos.br\/graduacao\/wp-content\/uploads\/sites\/4\/2021\/11\/google-1.png","link":""},{"logo":"https:\/\/www.unisantos.br\/graduacao\/wp-content\/uploads\/sites\/4\/2021\/11\/microsoft-1.png","link":""},{"logo":"https:\/\/www.unisantos.br\/graduacao\/wp-content\/uploads\/sites\/4\/2021\/11\/dell.png","link":""},{"logo":"https:\/\/www.unisantos.br\/graduacao\/wp-content\/uploads\/sites\/4\/2021\/11\/Latin-american-universities-alliance.png","link":""},{"logo":"https:\/\/www.unisantos.br\/graduacao\/wp-content\/uploads\/sites\/4\/2021\/11\/BIBLIOTECA-DIGITAL-SARAIVA-2.png","link":""},{"logo":"https:\/\/www.unisantos.br\/graduacao\/wp-content\/uploads\/sites\/4\/2021\/11\/thomson.png","link":""},{"logo":"https:\/\/www.unisantos.br\/graduacao\/wp-content\/uploads\/sites\/4\/2021\/11\/ABTRA-1.png","link":""},{"logo":"https:\/\/www.unisantos.br\/graduacao\/wp-content\/uploads\/sites\/4\/2021\/11\/c\u00e1ritas.png","link":""},{"logo":"https:\/\/www.unisantos.br\/graduacao\/wp-content\/uploads\/sites\/4\/2021\/11\/pref-cubatao-1.png","link":""},{"logo":"https:\/\/www.unisantos.br\/graduacao\/wp-content\/uploads\/sites\/4\/2021\/11\/pref-guaruja-2.png","link":""},{"logo":"https:\/\/www.unisantos.br\/graduacao\/wp-content\/uploads\/sites\/4\/2021\/11\/pref-praia-grande-3.png","link":""},{"logo":"https:\/\/www.unisantos.br\/graduacao\/wp-content\/uploads\/sites\/4\/2021\/11\/pref-sao-vicente-2.png","link":""},{"logo":"https:\/\/www.unisantos.br\/graduacao\/wp-content\/uploads\/sites\/4\/2021\/11\/pref-santos-2.png","link":""},{"logo":"https:\/\/www.unisantos.br\/graduacao\/wp-content\/uploads\/sites\/4\/2021\/11\/PREFEITURA-BERTIOGA-2.png","link":""},{"logo":"https:\/\/www.unisantos.br\/graduacao\/wp-content\/uploads\/sites\/4\/2021\/11\/IMERSYS-2.png","link":""},{"logo":"https:\/\/www.unisantos.br\/graduacao\/wp-content\/uploads\/sites\/4\/2021\/11\/ALGETEC-2.png","link":""},{"logo":"https:\/\/www.unisantos.br\/graduacao\/wp-content\/uploads\/sites\/4\/2021\/11\/pearson.png","link":""},{"logo":"https:\/\/www.unisantos.br\/graduacao\/wp-content\/uploads\/sites\/4\/2021\/11\/mcgraw-2.png","link":""}],"descricao_conv":"O Curso de CI\u00caNCIAS CONT\u00c1BEIS da UNISANTOS \u00e9 focado na Contabilidade e Controle Gerencial. Com base s\u00f3lida e um curr\u00edculo diferenciado, prepara voc\u00ea para atuar nas \u00e1reas comercial, fiscal, tribut\u00e1ria, auditoria e per\u00edcia cont\u00e1bil.","conteudos":[{"area":{"value":"pesquisa","label":"Pesquisa"},"tipo":"texto","texto":"<p>A UNISANTOS \u00e9 uma institui\u00e7\u00e3o de pesquisa que valoriza o\u00a0<strong>esp\u00edrito investigativo<\/strong>\u00a0e a\u00a0<strong>inova\u00e7\u00e3o<\/strong>, e entende o desenvolvimento do esp\u00edrito cient\u00edfico como fundamental para uma\u00a0<strong>forma\u00e7\u00e3o completa<\/strong>\u00a0e um diferencial decisivo no mundo globalizado em que vivemos. Por meio do Programa de Inicia\u00e7\u00e3o Cient\u00edfica e das Atividades Curriculares de Pesquisa, inseridos e articulados com as estruturas curriculares,\u00a0<strong>todo estudante da UNISANTOS \u00e9 um pesquisador<\/strong>.<\/p>\n<ul>\n<li><strong>\u00c1reas de pesquisa:<\/strong><\/li>\n<\/ul>\n<p>Conjuntura Econ\u00f4mica da Baixada Santista<\/p>\n<ul>\n<li><strong>Grupos de pesquisa:<\/strong><\/li>\n<\/ul>\n<p>Conjuntura Econ\u00f4mica da Baixada Santista<\/p>\n","link":""},{"area":{"value":"extensao","label":"Extens\u00e3o"},"tipo":"texto","texto":"<p>Comprometida com a forma\u00e7\u00e3o do aluno, a UNISANTOS promove a extens\u00e3o universit\u00e1ria por meio de\u00a0<strong>diversos servi\u00e7os e projetos<\/strong>\u00a0<strong>desenvolvidos pelos estudantes, durante a forma\u00e7\u00e3o<\/strong>. S\u00e3o oportunidades para desenvolver novas compet\u00eancias, adquirir experi\u00eancias pr\u00e1ticas e participar do encaminhamento de solu\u00e7\u00f5es para problemas e quest\u00f5es sociais. Por meio desses projetos, a Universidade estimula o desenvolvimento de valores como cidadania, \u00e9tica, responsabilidade, cultura da paz, respeito ao pr\u00f3ximo, solidariedade e justi\u00e7a, entre outros.<\/p>\n<p><strong>Laborat\u00f3rio de Observa\u00e7\u00e3o Econ\u00f4mica Social (Labores) &#8211;<\/strong>\u00a0programa de extens\u00e3o que busca e analisa informa\u00e7\u00f5es econ\u00f4micas da Baixada Santista, com a finalidade de promover o maior entendimento da realidade regional.<\/p>\n<p><strong>Laborat\u00f3rio de Solu\u00e7\u00f5es Organizacionais (Labson) &#8211;<\/strong>\u00a0que desenvolve o relacionamento e proporciona campos de atua\u00e7\u00e3o para a pr\u00e1tica da extens\u00e3o aos estudantes da \u00e1rea de Neg\u00f3cios.<\/p>\n<p><strong>N\u00facleo de Apoio Cont\u00e1bil e Fiscal (NAF) &#8211;<\/strong>\u00a0programa de extens\u00e3o firmado com a Receita Federal por meio de um termo de colabora\u00e7\u00e3o t\u00e9cnica, voltado \u00e0 capacita\u00e7\u00e3o dos estudantes, que veem o aprendizado acad\u00eamico na pr\u00e1tica de suas obriga\u00e7\u00f5es como profissionais.<\/p>\n<p><strong>C\u00e1lculo do\u00a0\u00cdndice do Custo da Cesta B\u00e1sica de Alimentos<\/strong> (ICCB-UNISANTOS)<\/p>\n<p>Elabora\u00e7\u00e3o do\u00a0<strong>Boletim An\u00e1lise de Conjuntura Econ\u00f4mica Regional<\/strong><\/p>\n<p><strong>Laborat\u00f3rio de Simula\u00e7\u00e3o e Log\u00edstica<\/strong> para uso acad\u00eamico e cient\u00edfico, com modernos softwares: modelagem, simula\u00e7\u00e3o e otimiza\u00e7\u00e3o de processos log\u00edsticos e suporte a opera\u00e7\u00f5es de Com\u00e9rcio Exterior.<\/p>\n<p><strong>Empreendedorismo e Inova\u00e7\u00e3o &#8211;<\/strong>\u00a0orienta\u00e7\u00e3o mercadol\u00f3gica e legal para elabora\u00e7\u00e3o de Plano de Neg\u00f3cios.<\/p>\n","link":""},{"area":{"value":"conteudo-curricular","label":"Conte\u00fado Curricular"},"tipo":"link","texto":"<p>Comprometida com a forma\u00e7\u00e3o do aluno, a UNISANTOS promove a extens\u00e3o universit\u00e1ria por meio de\u00a0<strong>diversos servi\u00e7os e projetos<\/strong>\u00a0<strong>desenvolvidos pelos estudantes, durante a forma\u00e7\u00e3o<\/strong>. S\u00e3o oportunidades para desenvolver novas compet\u00eancias, adquirir experi\u00eancias pr\u00e1ticas e participar do encaminhamento de solu\u00e7\u00f5es para problemas e quest\u00f5es sociais. Por meio desses projetos, a Universidade estimula o desenvolvimento de valores como cidadania, \u00e9tica, responsabilidade, cultura da paz, respeito ao pr\u00f3ximo, solidariedade e justi\u00e7a, entre outros.<\/p>\n<p><strong>Laborat\u00f3rio de Observa\u00e7\u00e3o Econ\u00f4mica Social (Labores) &#8211;<\/strong>\u00a0programa de extens\u00e3o que busca e analisa informa\u00e7\u00f5es econ\u00f4micas da Baixada Santista, com a finalidade de promover o maior entendimento da realidade regional.<\/p>\n<p><strong>Laborat\u00f3rio de Solu\u00e7\u00f5es Organizacionais (Labson) &#8211;<\/strong>\u00a0que desenvolve o relacionamento e proporciona campos de atua\u00e7\u00e3o para a pr\u00e1tica da extens\u00e3o aos estudantes da \u00e1rea de Neg\u00f3cios.<\/p>\n<p><strong>N\u00facleo de Apoio Cont\u00e1bil e Fiscal (NAF) &#8211;<\/strong>\u00a0programa de extens\u00e3o firmado com a Receita Federal por meio de um termo de colabora\u00e7\u00e3o t\u00e9cnica, voltado \u00e0 capacita\u00e7\u00e3o dos estudantes, que veem o aprendizado acad\u00eamico na pr\u00e1tica de suas obriga\u00e7\u00f5es como profissionais.<\/p>\n<p><strong>C\u00e1lculo do\u00a0\u00cdndice do Custo da Cesta B\u00e1sica de Alimentos<\/strong> (ICCB-UNISANTOS)<\/p>\n<p>Elabora\u00e7\u00e3o do\u00a0<strong>Boletim An\u00e1lise de Conjuntura Econ\u00f4mica Regional<\/strong><\/p>\n<p><strong>Laborat\u00f3rio de Simula\u00e7\u00e3o e Log\u00edstica<\/strong> para uso acad\u00eamico e cient\u00edfico, com modernos softwares: modelagem, simula\u00e7\u00e3o e otimiza\u00e7\u00e3o de processos log\u00edsticos e suporte a opera\u00e7\u00f5es de Com\u00e9rcio Exterior.<\/p>\n<p><strong>Empreendedorismo e Inova\u00e7\u00e3o &#8211;<\/strong>\u00a0orienta\u00e7\u00e3o mercadol\u00f3gica e legal para elabora\u00e7\u00e3o de Plano de Neg\u00f3cios.<\/p>\n","link":""},{"area":{"value":"estagio","label":"Est\u00e1gio"},"tipo":"link","texto":"","link":""},{"area":{"value":"noticias","label":"Not\u00edcias"},"tipo":"link","texto":"<p>A UNISANTOS mant\u00e9m conv\u00eanios com empresas que proporcionam um melhor aproveitamento para a busca de est\u00e1gios. Al\u00e9m disso, o aluno conta com o acompanhamento do setor de est\u00e1gios da Universidade.<\/p>\n","link":""}],"certificados":false,"subtitulo":"","menu":[{"icone":"https:\/\/www.unisantos.br\/graduacao\/wp-content\/uploads\/sites\/4\/2021\/11\/barra-escura-bolsas-1.svg","link":{"title":"Bolsas","url":" https:\/\/portal.unisantos.br\/bolsas\/","target":""}},{"icone":"https:\/\/www.unisantos.br\/graduacao\/wp-content\/uploads\/sites\/4\/2021\/11\/barra-escura-intercambio.svg","link":{"title":"Interc\u00e2mbio","url":"https:\/\/www.unisantos.br\/internacional\/intercambio-mobilidade-academica\/","target":""}}],"codigo":"303","percursos_formativos":[{"titulo":"Reestrutura\u00e7\u00e3o Societ\u00e1ria e de Neg\u00f3cios (M&A)","conteudo":[{"acf_fc_layout":"imagem","imagem":{"ID":39535,"id":39535,"title":"percurso formativo - cursos_Contabeis reestruturacao","filename":"percurso-formativo-cursos_Contabeis-reestruturacao.jpg","filesize":196678,"url":"https:\/\/www.unisantos.br\/graduacao\/wp-content\/uploads\/sites\/4\/2021\/11\/percurso-formativo-cursos_Contabeis-reestruturacao.jpg","link":"https:\/\/www.unisantos.br\/graduacao\/ciencias-contabeis\/percurso-formativo-cursos_contabeis-reestruturacao\/","alt":"","author":"12","description":"","caption":"","name":"percurso-formativo-cursos_contabeis-reestruturacao","status":"inherit","uploaded_to":97,"date":"2021-11-08 17:29:12","modified":"2021-11-08 17:29:12","menu_order":0,"mime_type":"image\/jpeg","type":"image","subtype":"jpeg","icon":"https:\/\/www.unisantos.br\/graduacao\/wp-includes\/images\/media\/default.png","width":1949,"height":1109,"sizes":{"thumbnail":"https:\/\/www.unisantos.br\/graduacao\/wp-content\/uploads\/sites\/4\/2021\/11\/percurso-formativo-cursos_Contabeis-reestruturacao-150x150.jpg","thumbnail-width":150,"thumbnail-height":150,"medium":"https:\/\/www.unisantos.br\/graduacao\/wp-content\/uploads\/sites\/4\/2021\/11\/percurso-formativo-cursos_Contabeis-reestruturacao-300x171.jpg","medium-width":300,"medium-height":171,"medium_large":"https:\/\/www.unisantos.br\/graduacao\/wp-content\/uploads\/sites\/4\/2021\/11\/percurso-formativo-cursos_Contabeis-reestruturacao-768x437.jpg","medium_large-width":768,"medium_large-height":437,"large":"https:\/\/www.unisantos.br\/graduacao\/wp-content\/uploads\/sites\/4\/2021\/11\/percurso-formativo-cursos_Contabeis-reestruturacao-1024x583.jpg","large-width":1024,"large-height":583,"1536x1536":"https:\/\/www.unisantos.br\/graduacao\/wp-content\/uploads\/sites\/4\/2021\/11\/percurso-formativo-cursos_Contabeis-reestruturacao.jpg","1536x1536-width":1536,"1536x1536-height":874,"2048x2048":"https:\/\/www.unisantos.br\/graduacao\/wp-content\/uploads\/sites\/4\/2021\/11\/percurso-formativo-cursos_Contabeis-reestruturacao.jpg","2048x2048-width":1949,"2048x2048-height":1109}}},{"acf_fc_layout":"texto","texto":"<p>Com este percurso formativo, o futuro contador tem a oportunidade de se desenvolver na \u00e1rea de reestrutura\u00e7\u00e3o societ\u00e1ria, por meio de opera\u00e7\u00f5es de fus\u00e3o, cis\u00e3o, incorpora\u00e7\u00e3o, joint venture, aquisi\u00e7\u00e3o ou aliena\u00e7\u00e3o de companhias. O estudante tamb\u00e9m poder\u00e1 ampliar conhecimentos e compet\u00eancias na reorganiza\u00e7\u00e3o de neg\u00f3cios, com opera\u00e7\u00f5es de IPO, reestrutura\u00e7\u00e3o financeira ou refinanciamento que exigem avalia\u00e7\u00e3o assertiva das obriga\u00e7\u00f5es fiscais e do fluxo de caixa da empresa.<\/p>\n"}]},{"titulo":"Governan\u00e7a Corporativa","conteudo":[{"acf_fc_layout":"imagem","imagem":{"ID":39985,"id":39985,"title":"percurso formativo - cursos_contabeis planej tributario","filename":"percurso-formativo-cursos_contabeis-planej-tributario-1.jpg","filesize":244182,"url":"https:\/\/www.unisantos.br\/graduacao\/wp-content\/uploads\/sites\/4\/2021\/11\/percurso-formativo-cursos_contabeis-planej-tributario-1.jpg","link":"https:\/\/www.unisantos.br\/graduacao\/ciencias-contabeis\/percurso-formativo-cursos_contabeis-planej-tributario-2\/","alt":"","author":"1","description":"","caption":"","name":"percurso-formativo-cursos_contabeis-planej-tributario-2","status":"inherit","uploaded_to":97,"date":"2021-11-11 13:37:48","modified":"2021-11-11 13:37:48","menu_order":0,"mime_type":"image\/jpeg","type":"image","subtype":"jpeg","icon":"https:\/\/www.unisantos.br\/graduacao\/wp-includes\/images\/media\/default.png","width":1950,"height":1109,"sizes":{"thumbnail":"https:\/\/www.unisantos.br\/graduacao\/wp-content\/uploads\/sites\/4\/2021\/11\/percurso-formativo-cursos_contabeis-planej-tributario-1-150x150.jpg","thumbnail-width":150,"thumbnail-height":150,"medium":"https:\/\/www.unisantos.br\/graduacao\/wp-content\/uploads\/sites\/4\/2021\/11\/percurso-formativo-cursos_contabeis-planej-tributario-1-300x171.jpg","medium-width":300,"medium-height":171,"medium_large":"https:\/\/www.unisantos.br\/graduacao\/wp-content\/uploads\/sites\/4\/2021\/11\/percurso-formativo-cursos_contabeis-planej-tributario-1-768x437.jpg","medium_large-width":768,"medium_large-height":437,"large":"https:\/\/www.unisantos.br\/graduacao\/wp-content\/uploads\/sites\/4\/2021\/11\/percurso-formativo-cursos_contabeis-planej-tributario-1-1024x582.jpg","large-width":1024,"large-height":582,"1536x1536":"https:\/\/www.unisantos.br\/graduacao\/wp-content\/uploads\/sites\/4\/2021\/11\/percurso-formativo-cursos_contabeis-planej-tributario-1.jpg","1536x1536-width":1536,"1536x1536-height":874,"2048x2048":"https:\/\/www.unisantos.br\/graduacao\/wp-content\/uploads\/sites\/4\/2021\/11\/percurso-formativo-cursos_contabeis-planej-tributario-1.jpg","2048x2048-width":1950,"2048x2048-height":1109}}},{"acf_fc_layout":"texto","texto":"<p>Com este percurso formativo, o estudante vai desenvolver compet\u00eancias na \u00e1rea do Direito Tribut\u00e1rio. Como contador, ser\u00e1 capaz de agregar valor \u00e0s empresas por meio de um planejamento tribut\u00e1rio assertivo, orientado a otimizar os recursos da organiza\u00e7\u00e3o e gerar maior valor para os acionistas e a sociedade no m\u00e9dio e longo prazos. Esse conhecimento tamb\u00e9m \u00e9 fundamental na redu\u00e7\u00e3o de riscos de viola\u00e7\u00e3o da legisla\u00e7\u00e3o, contribuindo para as atividades de <em>compliance<\/em>.<\/p>\n"}]}],"imagem_video":false,"repetidor_video":false,"mais_informacoes":false,"botao_especial":{"imagem":false,"link":""},"depoimentos":[{"texto":"A UniSantos fez completamente a diferen\u00e7a na hora da minha forma\u00e7\u00e3o. Acredito que por ser uma faculdade muito diferenciada, uma estrutura adequada. Isso que \u00e9 o mais importante, com laborat\u00f3rio, porque contabilidade a gente n\u00e3o faz s\u00f3 no razonete, n\u00e9? Eu me lembro que nas aulas de contabilidade aplicada, com um dos professores, ele passou um sistema gratuito, e ali a gente come\u00e7ou a fazer contabilidade mesmo de verdade. Para mim foi muito bom, porque foi uma imers\u00e3o tanto te\u00f3rica como na pr\u00e1tica. Quando eu cheguei no mercado de trabalho eu j\u00e1 cheguei pronto, preparado, essa \u00e9 a melhor palavra. Ent\u00e3o foi muito bom isso e a UniSantos foi praticamente tudo na minha vida, na parte profissional, s\u00f3 tenho a agradecer.","foto":{"ID":40606,"id":40606,"title":"6","filename":"6.png","filesize":16518,"url":"https:\/\/www.unisantos.br\/graduacao\/wp-content\/uploads\/sites\/4\/2022\/02\/6.png","link":"https:\/\/www.unisantos.br\/graduacao\/ciencias-contabeis\/attachment\/6\/","alt":"","author":"1","description":"","caption":"","name":"6","status":"inherit","uploaded_to":97,"date":"2022-02-16 16:12:49","modified":"2022-02-16 16:12:49","menu_order":0,"mime_type":"image\/png","type":"image","subtype":"png","icon":"https:\/\/www.unisantos.br\/graduacao\/wp-includes\/images\/media\/default.png","width":160,"height":160,"sizes":{"thumbnail":"https:\/\/www.unisantos.br\/graduacao\/wp-content\/uploads\/sites\/4\/2022\/02\/6-150x150.png","thumbnail-width":150,"thumbnail-height":150,"medium":"https:\/\/www.unisantos.br\/graduacao\/wp-content\/uploads\/sites\/4\/2022\/02\/6.png","medium-width":160,"medium-height":160,"medium_large":"https:\/\/www.unisantos.br\/graduacao\/wp-content\/uploads\/sites\/4\/2022\/02\/6.png","medium_large-width":160,"medium_large-height":160,"large":"https:\/\/www.unisantos.br\/graduacao\/wp-content\/uploads\/sites\/4\/2022\/02\/6.png","large-width":160,"large-height":160,"1536x1536":"https:\/\/www.unisantos.br\/graduacao\/wp-content\/uploads\/sites\/4\/2022\/02\/6.png","1536x1536-width":160,"1536x1536-height":160,"2048x2048":"https:\/\/www.unisantos.br\/graduacao\/wp-content\/uploads\/sites\/4\/2022\/02\/6.png","2048x2048-width":160,"2048x2048-height":160}},"nome":"ANDR\u00c9 MARCIANO","descricao":"FORMADO PELO CURSO DE <B>CI\u00caNCIAS CONT\u00c1BEIS<\/B> DA UNISANTOS"},{"texto":"A faculdade promove a autonomia, reflete no aumento das oportunidades profissionais, na possibilidade de ganhar melhores sal\u00e1rios, ainda mais nos dias de hoje, onde a conquista de um diploma de curso superior completa o perfil do candidato que, com o passar do tempo, deixou de ser um diferencial, passando a ser pr\u00e9-requisito significativo para o mercado de trabalho. <br \/>\r\nFoi exatamente o que me levou a procurar a UniSantos, para complementar a minha forma\u00e7\u00e3o, digo completar, pois quando eu fui para a UniSantos j\u00e1 tinha um diploma de gradua\u00e7\u00e3o em Administra\u00e7\u00e3o e 2 de P\u00f3s-gradua\u00e7\u00e3o (Doc\u00eancia e Gest\u00e3o Estrat\u00e9gica de Neg\u00f3cios), mas desde sempre eu desejei cursar na UniSantos uma faculdade. <br \/>\r\nEm busca do meu crescimento profissional em Ci\u00eancias Cont\u00e1beis, foi onde encontrei mestres maravilhosos que me deram todo apoio e estrutura para o meu desenvolvimento, onde consegui aplicar os conhecimentos adquiridos na \u00e1rea p\u00fablica, onde sempre atuei.","foto":{"ID":40732,"id":40732,"title":"257108169_656299728934245_8864905523679798109_n","filename":"257108169_656299728934245_8864905523679798109_n.png","filesize":414307,"url":"https:\/\/www.unisantos.br\/graduacao\/wp-content\/uploads\/sites\/4\/2022\/04\/257108169_656299728934245_8864905523679798109_n.png","link":"https:\/\/www.unisantos.br\/graduacao\/ciencias-contabeis\/257108169_656299728934245_8864905523679798109_n\/","alt":"","author":"1","description":"","caption":"","name":"257108169_656299728934245_8864905523679798109_n","status":"inherit","uploaded_to":97,"date":"2022-04-05 19:21:48","modified":"2022-04-05 19:21:48","menu_order":0,"mime_type":"image\/png","type":"image","subtype":"png","icon":"https:\/\/www.unisantos.br\/graduacao\/wp-includes\/images\/media\/default.png","width":640,"height":640,"sizes":{"thumbnail":"https:\/\/www.unisantos.br\/graduacao\/wp-content\/uploads\/sites\/4\/2022\/04\/257108169_656299728934245_8864905523679798109_n-150x150.png","thumbnail-width":150,"thumbnail-height":150,"medium":"https:\/\/www.unisantos.br\/graduacao\/wp-content\/uploads\/sites\/4\/2022\/04\/257108169_656299728934245_8864905523679798109_n-300x300.png","medium-width":300,"medium-height":300,"medium_large":"https:\/\/www.unisantos.br\/graduacao\/wp-content\/uploads\/sites\/4\/2022\/04\/257108169_656299728934245_8864905523679798109_n.png","medium_large-width":640,"medium_large-height":640,"large":"https:\/\/www.unisantos.br\/graduacao\/wp-content\/uploads\/sites\/4\/2022\/04\/257108169_656299728934245_8864905523679798109_n.png","large-width":640,"large-height":640,"1536x1536":"https:\/\/www.unisantos.br\/graduacao\/wp-content\/uploads\/sites\/4\/2022\/04\/257108169_656299728934245_8864905523679798109_n.png","1536x1536-width":640,"1536x1536-height":640,"2048x2048":"https:\/\/www.unisantos.br\/graduacao\/wp-content\/uploads\/sites\/4\/2022\/04\/257108169_656299728934245_8864905523679798109_n.png","2048x2048-width":640,"2048x2048-height":640}},"nome":"LUCIANA SANCHES","descricao":"FORMADA PELO CURSO DE <B>CI\u00caNCIAS CONT\u00c1BEIS<\/B> DA UNISANTOS"}],"selo":false,"titulo_diferenciais":"Diferenciais do curso","diferenciais":[{"area":"Softwares atualizados","texto":"<p>Uso do Contmatic Phoenix, software profissional da \u00e1rea cont\u00e1bil.<\/p>\n"},{"area":"Colabora\u00e7\u00e3o t\u00e9cnica com a Receita Federal","texto":"<p>Desenvolvimento pr\u00e1tico das \u00e1reas tribut\u00e1rias e fiscais, atrav\u00e9s do N\u00facleo de Apoio Cont\u00e1bil e Fiscal (NAF), programa de extens\u00e3o firmado com a Receita Federal, voltado \u00e0 capacita\u00e7\u00e3o dos estudantes.<\/p>\n"},{"area":"Bom desempenho em exame nacional","texto":"<p>Elevado \u00edndice de aprova\u00e7\u00e3o no exame de sufici\u00eancia do Conselho Federal de Contabilidade (CFC).<\/p>\n"},{"area":"Laborat\u00f3rio de Observa\u00e7\u00e3o Econ\u00f4mica Social (Labores)","texto":"<p>Programa de extens\u00e3o que busca e analisa informa\u00e7\u00f5es econ\u00f4micas da Baixada Santista com a finalidade de promover o maior entendimento da realidade regional.<\/p>\n"},{"area":"Outros diferenciais","texto":"<p>Curso bem avaliado, com 4 estrelas no Guia da Faculdade do Estad\u00e3o e nota 3 na avalia\u00e7\u00e3o do MEC.<\/p>\n<p>Aprova\u00e7\u00e3o de 90% dos alunos do curso no exame do Conselho Federal de Contabilidade (CFC) antes de formados.<\/p>\n<p>Laborat\u00f3rio de Solu\u00e7\u00f5es Organizacionais (Labson), que desenvolve o relacionamento e proporciona campos de atua\u00e7\u00e3o para a pr\u00e1tica da extens\u00e3o aos estudantes da \u00e1rea de Neg\u00f3cios.<\/p>\n<p>C\u00e1lculo do \u00cdndice do Custo da Cesta B\u00e1sica de Alimentos (ICCB-UNISANTOS)<\/p>\n<p>Elabora\u00e7\u00e3o do Boletim An\u00e1lise de Conjuntura Econ\u00f4mica Regional.<\/p>\n<p>Pr\u00e1ticas Integradas de Gest\u00e3o apoiadas em software ERP.<\/p>\n<p>Jogos de Empresas para simula\u00e7\u00e3o de ambientes reais de neg\u00f3cios.<\/p>\n<p>Laborat\u00f3rios de inform\u00e1tica modernos, propiciando uma forma\u00e7\u00e3o tecnol\u00f3gica avan\u00e7ada.<\/p>\n<p>Maior complexo de bibliotecas da regi\u00e3o, com mais de 260 mil volumes e obras especializadas na \u00e1rea cont\u00e1bil, com base de dados e peri\u00f3dicos eletr\u00f4nicos exclusivos.<\/p>\n<p>S\u00f3lida forma\u00e7\u00e3o profissional reconhecida pelo mercado de trabalho.<\/p>\n<p>Corpo docente formado por mestres e doutores com ampla experi\u00eancia profissional.<\/p>\n<p>Alto grau de empregabilidade.<\/p>\n<p>Presta\u00e7\u00e3o de servi\u00e7os \u00e0 comunidade na elabora\u00e7\u00e3o de declara\u00e7\u00f5es do Imposto de Renda de pessoa f\u00edsica.<\/p>\n<p>Feira de Carreiras que atrai dezenas de empresas \u00e0 procura de alunos para vagas de est\u00e1gio, trainees e empregos.<\/p>\n<p>Instituto de Pesquisas Cient\u00edficas e Tecnol\u00f3gicas (Ipeci), com mais de 50 grupos de pesquisa cadastrados no CNPq.<\/p>\n<p>Maior programa de Inicia\u00e7\u00e3o Cient\u00edfica e Inicia\u00e7\u00e3o Tecnol\u00f3gica da regi\u00e3o com bolsas do CNPq.<\/p>\n"}],"conteudo_curricular":"https:\/\/www.unisantos.br\/wp-content\/uploads\/2026\/02\/Ciencias-Contabeis_2026-em-andamento.pdf"},"_links":{"self":[{"href":"https:\/\/www.unisantos.br\/graduacao\/wp-json\/wp\/v2\/pages\/97"}],"collection":[{"href":"https:\/\/www.unisantos.br\/graduacao\/wp-json\/wp\/v2\/pages"}],"about":[{"href":"https:\/\/www.unisantos.br\/graduacao\/wp-json\/wp\/v2\/types\/page"}],"author":[{"embeddable":true,"href":"https:\/\/www.unisantos.br\/graduacao\/wp-json\/wp\/v2\/users\/1"}],"replies":[{"embeddable":true,"href":"https:\/\/www.unisantos.br\/graduacao\/wp-json\/wp\/v2\/comments?post=97"}],"version-history":[{"count":3,"href":"https:\/\/www.unisantos.br\/graduacao\/wp-json\/wp\/v2\/pages\/97\/revisions"}],"predecessor-version":[{"id":43198,"href":"https:\/\/www.unisantos.br\/graduacao\/wp-json\/wp\/v2\/pages\/97\/revisions\/43198"}],"wp:featuredmedia":[{"embeddable":true,"href":"https:\/\/www.unisantos.br\/graduacao\/wp-json\/wp\/v2\/media\/38402"}],"wp:attachment":[{"href":"https:\/\/www.unisantos.br\/graduacao\/wp-json\/wp\/v2\/media?parent=97"}],"curies":[{"name":"wp","href":"https:\/\/api.w.org\/{rel}","templated":true}]}}