{"id":156,"date":"2013-06-18T16:05:22","date_gmt":"2013-06-18T19:05:22","guid":{"rendered":"https:\/\/www.unisantos.br\/?page_id=156"},"modified":"2026-02-04T14:43:45","modified_gmt":"2026-02-04T17:43:45","slug":"relacoes-internacionais","status":"publish","type":"page","link":"https:\/\/www.unisantos.br\/graduacao\/relacoes-internacionais\/","title":{"rendered":"Rela\u00e7\u00f5es Internacionais"},"content":{"rendered":"<p><strong>Per\u00edodos<br \/>\n<\/strong>Manh\u00e3 e Noite<br \/>\n(O curso \u00e9 oferecido no per\u00edodo matutino at\u00e9 o 4\u00ba. semestre. A partir do 5\u00ba.,<br \/>\nos estudantes cursam no per\u00edodo noturno)<\/p>\n<p><strong>Dura\u00e7\u00e3o<br \/>\n<\/strong>8 semestres<\/p>\n<p><strong>Conceito MEC\u00a04<\/strong><\/p>\n<p><a class=\"botao-curso\" href=\"https:\/\/www.unisantos.br\/graduacao\/relacoes-internacionais\/diferenciais-relacoes-internacionais\/\" target=\"_blank\" rel=\"noopener\">Diferenciais<\/a>\u00a0<a class=\"botao-curso\" href=\"https:\/\/www.unisantos.br\/bolsas\/\">Bolsas<\/a> <a class=\"botao-curso\" href=\"https:\/\/www.unisantos.br\/convenio-com-empresas\/\">Conv\u00eanios<\/a> <a class=\"botao-curso\" href=\"https:\/\/www.unisantos.br\/graduacao\/relacoes-internacionais\/programa-de-estagio\/\" target=\"_blank\" rel=\"noopener\">Est\u00e1gio<\/a> <a class=\"botao-curso\" href=\"https:\/\/www.unisantos.br\/internacional\/convenios\/\">Interc\u00e2mbio<\/a>\u00a0<a class=\"botao-curso\" href=\"https:\/\/www.unisantos.br\/graduacao\/relacoes-internacionais\/noticias-do-curso-de-relacoes-internacionais\/\" target=\"_blank\" rel=\"noopener\">Not\u00edcias<\/a><\/p>\n<p>O Curso de RELA\u00c7\u00d5ES INTERNACIONAIS\u00a0da Cat\u00f3lica de Santos prepara o aluno para ter uma vis\u00e3o integral dos fen\u00f4menos internacionais e os seus v\u00e1rios fatores: Estados, organiza\u00e7\u00f5es internacionais, empresas transnacionais, sociedade civil organizada, poderes locais e cidades.<\/p>\n<p><strong>Onde voc\u00ea pode trabalhar<\/strong><br \/>\n\u2022 Diplomacia<br \/>\n\u2022 Gest\u00e3o p\u00fablica<br \/>\n\u2022 Assessorias de minist\u00e9rios<br \/>\n\u2022 Ensino M\u00e9dio e Superior<br \/>\n\u2022 Empresas nas \u00e1reas de Com\u00e9rcio Exterior<br \/>\n\u2022 Portos<br \/>\n\u2022 Empresas de Comunica\u00e7\u00e3o<br \/>\n\u2022 Institui\u00e7\u00f5es Financeiras<br \/>\n\u2022 Empresas transnacionais<br \/>\n\u2022 ONGs<br \/>\n\u2022 Institui\u00e7\u00f5es Religiosas<br \/>\n\u2022 Funda\u00e7\u00f5es<\/p>\n<p><strong><strong>Estrutura \u00daNICA que une teoria e pr\u00e1tica<\/strong><br \/>\n<\/strong>Na prepara\u00e7\u00e3o do aluno para o mercado de trabalho, o Curso de RELA\u00c7\u00d5ES INTERNACIONAIS conta com modernos Laborat\u00f3rios de Inform\u00e1tica, a maior biblioteca especializada e acesso digital a bases de dados indexadas do mundo todo.<\/p>\n<p><strong>VEJA TAMB\u00c9M<\/strong><\/p>\n<p><a href=\"http:\/\/www.unisantos.br\/portal\/universidade\/intercambios-internacionais\/setor-de-relacoes-internacionais\/\">Setor de Rela\u00e7\u00f5es Internacionais<\/a><br \/>\n<a href=\"http:\/\/www.unisantos.br\/portal\/universidade\/intercambios-internacionais\/\">Interc\u00e2mbios Internacionais<\/a><br \/>\n<a href=\"http:\/\/www.unisantos.br\/portal\/universidade\/intercambios-internacionais\/convenio-unisantos-acnur-onu\/\">Conv\u00eanio UNISANTOS-Acnur<\/a><\/p>\n","protected":false},"excerpt":{"rendered":"<p>Per\u00edodos Manh\u00e3 e Noite (O curso \u00e9 oferecido no per\u00edodo matutino at\u00e9 o 4\u00ba. semestre. A partir do 5\u00ba., os estudantes cursam [&hellip;]<\/p>\n","protected":false},"author":1,"featured_media":38424,"parent":0,"menu_order":0,"comment_status":"open","ping_status":"closed","template":"curso.php","meta":{"footnotes":""},"acf":{"endereco":"<p><img loading=\"lazy\" decoding=\"async\" class=\"alignnone size-full wp-image-35713\" src=\"https:\/\/www.unisantos.br\/graduacao\/wp-content\/uploads\/sites\/4\/2020\/09\/pin.png\" alt=\"\" width=\"24\" height=\"31\" \/><br \/>\nCampus Dom Id\u00edlio Jos\u00e9 Soares<br \/>\nAvenida Conselheiro N\u00e9bias, 300 &#8211; Vila Mathias<\/p>\n","coordenador":"<p><strong><img loading=\"lazy\" decoding=\"async\" class=\"alignnone size-full wp-image-36237\" src=\"https:\/\/www.unisantos.br\/graduacao\/wp-content\/uploads\/sites\/4\/2020\/10\/fabiano.png\" alt=\"\" width=\"190\" height=\"190\" \/><\/strong><\/p>\n<p><strong>Coordenador do Curso de Rela\u00e7\u00f5es Internacionais<\/strong><br \/>\nProf. Dr. Fabiano Louren\u00e7o de Menezes<\/p>\n<p><img loading=\"lazy\" decoding=\"async\" class=\"alignnone size-full wp-image-35714\" src=\"https:\/\/www.unisantos.br\/graduacao\/wp-content\/uploads\/sites\/4\/2020\/09\/tel.png\" alt=\"\" width=\"17\" height=\"24\" \/>Telefone:\u00a03205-5555 &#8211; ramal 1327<br \/>\n<img loading=\"lazy\" decoding=\"async\" class=\"alignnone size-full wp-image-35712\" src=\"https:\/\/www.unisantos.br\/graduacao\/wp-content\/uploads\/sites\/4\/2020\/09\/email.png\" alt=\"\" width=\"23\" height=\"18\" \/>E-mail: coord.ri@unisantos.br<\/p>\n","diretor":"","rodape":"<p><strong>Fundamento legal para o funcionamento do curso<\/strong><br \/>\n<strong>Autoriza\u00e7\u00e3o:\u00a0<\/strong>Resolu\u00e7\u00e3o CEPES n\u00ba 2\/2010<br \/>\n<strong>\u00daltimo reconhecimento:\u00a0<\/strong>Portaria MEC n\u00ba. 271\/2017<\/p>\n","periodo":["manha","noite"],"duracao":"8 semestres","estrutura_unica":"Na prepara\u00e7\u00e3o do aluno para o mercado de trabalho, o Curso de RELA\u00c7\u00d5ES INTERNACIONAIS conta com modernos Laborat\u00f3rios de Inform\u00e1tica, a maior biblioteca especializada da Regi\u00e3o da Baixada Santista e acesso digital a bases de dados indexadas do mundo todo.","onde_trabalhar":"Diplomacia \/ Gest\u00e3o p\u00fablica \/ Assessorias de minist\u00e9rios \/ Ensino M\u00e9dio e Superior \/ Empresas nas \u00e1reas de Com\u00e9rcio Exterior \/ Portos \/ Empresas de Comunica\u00e7\u00e3o \/ Institui\u00e7\u00f5es Financeiras \/ Empresas transnacionais \/ ONGs \/ Institui\u00e7\u00f5es Religiosas \/ Funda\u00e7\u00f5es","conceito-mec":{"conceito":"Conceito Enade","valor":"4"},"modalidade":["presencial"],"video":"https:\/\/www.youtube.com\/watch?v=S8pzDHjmgEU","icone":"https:\/\/www.unisantos.br\/graduacao\/wp-content\/uploads\/sites\/4\/2021\/11\/RELACOES-INTERNACIONAIS.svg","texto_premio":"VENHA FAZER UM DOS <br \/>\r\nCURSOS <B>MAIS PREMIADOS<\/B> <br \/>\r\nDO PA\u00cdS E O <B>MELHOR<\/B> <br \/>\r\nDA REGI\u00c3O","premios":[{"imagem":"https:\/\/www.unisantos.br\/graduacao\/wp-content\/uploads\/sites\/4\/2024\/10\/mec4-e1727894041648.png","link":""},{"imagem":"https:\/\/www.unisantos.br\/graduacao\/wp-content\/uploads\/sites\/4\/2024\/10\/SELO-PROJETO-INOVADOR.png","link":""},{"imagem":"https:\/\/www.unisantos.br\/graduacao\/wp-content\/uploads\/sites\/4\/2024\/10\/selo-relacoes-internacionais.png","link":""}],"titulo_conv":"<b>PARCERIAS<\/b> ESTRAT\u00c9GICAS","convenios":[{"logo":"https:\/\/www.unisantos.br\/graduacao\/wp-content\/uploads\/sites\/4\/2021\/11\/Alto-Comissariado-das-Na\u00e7\u00f5es-Unidas-para-Refugiados.png","link":""},{"logo":"https:\/\/www.unisantos.br\/graduacao\/wp-content\/uploads\/sites\/4\/2021\/11\/Latin-american-universities-alliance.png","link":""},{"logo":"https:\/\/www.unisantos.br\/graduacao\/wp-content\/uploads\/sites\/4\/2021\/11\/associacao-comercial-santos.png","link":""},{"logo":"https:\/\/www.unisantos.br\/graduacao\/wp-content\/uploads\/sites\/4\/2021\/11\/receita-federal-br-1.png","link":""},{"logo":"https:\/\/www.unisantos.br\/graduacao\/wp-content\/uploads\/sites\/4\/2021\/11\/ABTRA.png","link":""},{"logo":"https:\/\/www.unisantos.br\/graduacao\/wp-content\/uploads\/sites\/4\/2021\/11\/fund-parque-tecnologico-1.png","link":""},{"logo":"https:\/\/www.unisantos.br\/graduacao\/wp-content\/uploads\/sites\/4\/2021\/11\/google-1.png","link":""},{"logo":"https:\/\/www.unisantos.br\/graduacao\/wp-content\/uploads\/sites\/4\/2021\/11\/microsoft-1.png","link":""},{"logo":"https:\/\/www.unisantos.br\/graduacao\/wp-content\/uploads\/sites\/4\/2021\/11\/c\u00e1ritas.png","link":""},{"logo":"https:\/\/www.unisantos.br\/graduacao\/wp-content\/uploads\/sites\/4\/2021\/11\/santander.png","link":""},{"logo":"https:\/\/www.unisantos.br\/graduacao\/wp-content\/uploads\/sites\/4\/2021\/11\/pref-cubatao-1.png","link":""},{"logo":"https:\/\/www.unisantos.br\/graduacao\/wp-content\/uploads\/sites\/4\/2021\/11\/pref-guaruja-2.png","link":""},{"logo":"https:\/\/www.unisantos.br\/graduacao\/wp-content\/uploads\/sites\/4\/2021\/11\/pref-praia-grande-3.png","link":""},{"logo":"https:\/\/www.unisantos.br\/graduacao\/wp-content\/uploads\/sites\/4\/2021\/11\/pref-sao-vicente-2.png","link":""},{"logo":"https:\/\/www.unisantos.br\/graduacao\/wp-content\/uploads\/sites\/4\/2021\/11\/pref-santos-2.png","link":""},{"logo":"https:\/\/www.unisantos.br\/graduacao\/wp-content\/uploads\/sites\/4\/2021\/11\/PREFEITURA-BERTIOGA-2.png","link":""}],"descricao_conv":"O Curso de RELA\u00c7\u00d5ES INTERNACIONAIS da Cat\u00f3lica de Santos prepara o aluno para ter uma vis\u00e3o integral dos fen\u00f4menos internacionais e os seus v\u00e1rios fatores: Estados, organiza\u00e7\u00f5es internacionais, empresas transnacionais, sociedade civil organizada, poderes locais e cidades.","conteudos":[{"area":{"value":"pesquisa","label":"Pesquisa"},"tipo":"texto","texto":"<p>A UNISANTOS \u00e9 uma institui\u00e7\u00e3o de pesquisa que valoriza o\u00a0<strong>esp\u00edrito investigativo<\/strong>\u00a0e a\u00a0<strong>inova\u00e7\u00e3o<\/strong>, e entende o desenvolvimento do esp\u00edrito cient\u00edfico como fundamental para uma\u00a0<strong>forma\u00e7\u00e3o completa<\/strong>\u00a0e um diferencial decisivo no mundo globalizado em que vivemos. Por meio do Programa de Inicia\u00e7\u00e3o Cient\u00edfica e das Atividades Curriculares de Pesquisa, inseridos e articulados com as estruturas curriculares,\u00a0<strong>todo estudante da UNISANTOS \u00e9 um pesquisador<\/strong>.<\/p>\n<ul>\n<li><strong>\u00c1reas de pesquisa:<\/strong><\/li>\n<\/ul>\n<p>Pol\u00edtica Externa Brasileira, Direitos Humanos, Pol\u00edtica Internacional, Integra\u00e7\u00e3o Regional, Direito Internacional e Cidades e Cultura.<\/p>\n<ul>\n<li><strong>Grupos de pesquisa:<\/strong><\/li>\n<\/ul>\n<p>An\u00e1lise de Conjuntura Internacional<\/p>\n<p>Governan\u00e7a Global<\/p>\n<p>Direitos Humanos e Vulnerabilidades<\/p>\n","link":""},{"area":{"value":"extensao","label":"Extens\u00e3o"},"tipo":"texto","texto":"<p>Comprometida com a forma\u00e7\u00e3o do aluno, a UNISANTOS promove a extens\u00e3o universit\u00e1ria por meio de\u00a0<strong>diversos servi\u00e7os e projetos<\/strong>\u00a0<strong>desenvolvidos pelos estudantes, durante a forma\u00e7\u00e3o<\/strong>. S\u00e3o oportunidades para desenvolver novas compet\u00eancias, adquirir experi\u00eancias pr\u00e1ticas e participar do encaminhamento de solu\u00e7\u00f5es para problemas e quest\u00f5es sociais. Por meio desses projetos, a Universidade estimula o desenvolvimento de valores como cidadania, \u00e9tica, responsabilidade, cultura da paz, respeito ao pr\u00f3ximo, solidariedade e justi\u00e7a, entre outros.<\/p>\n<p>Modelo das Na\u00e7\u00f5es Unidas (MONU)<\/p>\n","link":""},{"area":{"value":"conteudo-curricular","label":"Conte\u00fado Curricular"},"tipo":"link","texto":"<p>Comprometida com a forma\u00e7\u00e3o do aluno, a UNISANTOS promove a extens\u00e3o universit\u00e1ria por meio de\u00a0<strong>diversos servi\u00e7os e projetos<\/strong>\u00a0<strong>desenvolvidos pelos estudantes, durante a forma\u00e7\u00e3o<\/strong>. S\u00e3o oportunidades para desenvolver novas compet\u00eancias, adquirir experi\u00eancias pr\u00e1ticas e participar do encaminhamento de solu\u00e7\u00f5es para problemas e quest\u00f5es sociais. Por meio desses projetos, a Universidade estimula o desenvolvimento de valores como cidadania, \u00e9tica, responsabilidade, cultura da paz, respeito ao pr\u00f3ximo, solidariedade e justi\u00e7a, entre outros.<\/p>\n<p>Modelo das Na\u00e7\u00f5es Unidas (MONU)<\/p>\n","link":""},{"area":{"value":"estagio","label":"Est\u00e1gio"},"tipo":"link","texto":"","link":""},{"area":{"value":"noticias","label":"Not\u00edcias"},"tipo":"link","texto":"<p>A CAT\u00d3LICA DE SANTOS mant\u00e9m conv\u00eanio com empresas que proporcionam um melhor aproveitamento para a busca de est\u00e1gios. Al\u00e9m disso, o aluno poder\u00e1 estagiar no Setor de Rela\u00e7\u00f5es Internacionais da pr\u00f3pria Universidade.<\/p>\n","link":""}],"certificados":false,"subtitulo":"","menu":[{"icone":"https:\/\/www.unisantos.br\/graduacao\/wp-content\/uploads\/sites\/4\/2021\/11\/barra-escura-bolsas-1.svg","link":{"title":"Bolsas","url":" https:\/\/portal.unisantos.br\/bolsas\/","target":""}},{"icone":"https:\/\/www.unisantos.br\/graduacao\/wp-content\/uploads\/sites\/4\/2021\/11\/barra-escura-intercambio.svg","link":{"title":"Interc\u00e2mbio","url":"https:\/\/www.unisantos.br\/internacional\/intercambio-mobilidade-academica\/","target":""}}],"codigo":"318","percursos_formativos":[{"titulo":"Neg\u00f3cios","conteudo":[{"acf_fc_layout":"imagem","imagem":{"ID":40074,"id":40074,"title":"percurso formativo - cursos_Neg\u00f3cios","filename":"percurso-formativo-cursos_Neg\u00f3cios-.jpg","filesize":270127,"url":"https:\/\/www.unisantos.br\/graduacao\/wp-content\/uploads\/sites\/4\/2021\/11\/percurso-formativo-cursos_Neg\u00f3cios-.jpg","link":"https:\/\/www.unisantos.br\/graduacao\/relacoes-internacionais\/percurso-formativo-cursos_negocios\/","alt":"","author":"1","description":"","caption":"","name":"percurso-formativo-cursos_negocios","status":"inherit","uploaded_to":156,"date":"2021-11-12 19:48:12","modified":"2021-11-12 19:48:12","menu_order":0,"mime_type":"image\/jpeg","type":"image","subtype":"jpeg","icon":"https:\/\/www.unisantos.br\/graduacao\/wp-includes\/images\/media\/default.png","width":1950,"height":1109,"sizes":{"thumbnail":"https:\/\/www.unisantos.br\/graduacao\/wp-content\/uploads\/sites\/4\/2021\/11\/percurso-formativo-cursos_Neg\u00f3cios--150x150.jpg","thumbnail-width":150,"thumbnail-height":150,"medium":"https:\/\/www.unisantos.br\/graduacao\/wp-content\/uploads\/sites\/4\/2021\/11\/percurso-formativo-cursos_Neg\u00f3cios--300x171.jpg","medium-width":300,"medium-height":171,"medium_large":"https:\/\/www.unisantos.br\/graduacao\/wp-content\/uploads\/sites\/4\/2021\/11\/percurso-formativo-cursos_Neg\u00f3cios--768x437.jpg","medium_large-width":768,"medium_large-height":437,"large":"https:\/\/www.unisantos.br\/graduacao\/wp-content\/uploads\/sites\/4\/2021\/11\/percurso-formativo-cursos_Neg\u00f3cios--1024x582.jpg","large-width":1024,"large-height":582,"1536x1536":"https:\/\/www.unisantos.br\/graduacao\/wp-content\/uploads\/sites\/4\/2021\/11\/percurso-formativo-cursos_Neg\u00f3cios-.jpg","1536x1536-width":1536,"1536x1536-height":874,"2048x2048":"https:\/\/www.unisantos.br\/graduacao\/wp-content\/uploads\/sites\/4\/2021\/11\/percurso-formativo-cursos_Neg\u00f3cios-.jpg","2048x2048-width":1950,"2048x2048-height":1109}}},{"acf_fc_layout":"texto","texto":"<p>Amplia conhecimentos e compet\u00eancias nas \u00e1reas de Neg\u00f3cios, agregando \u00e0 forma\u00e7\u00e3o do analista internacional vis\u00e3o que possibilita acompanhar a din\u00e2mica das organiza\u00e7\u00f5es e do mundo empresarial, com foco nas gest\u00f5es estrat\u00e9gica, de pessoas e de projetos.<\/p>\n"}]},{"titulo":"Pensamento Econ\u00f4mico","conteudo":[{"acf_fc_layout":"imagem","imagem":{"ID":40075,"id":40075,"title":"percurso formativo - cursos_Pensamento Econ\u00f4mico","filename":"percurso-formativo-cursos_Pensamento-Econ\u00f4mico.jpg","filesize":265575,"url":"https:\/\/www.unisantos.br\/graduacao\/wp-content\/uploads\/sites\/4\/2021\/11\/percurso-formativo-cursos_Pensamento-Econ\u00f4mico.jpg","link":"https:\/\/www.unisantos.br\/graduacao\/relacoes-internacionais\/percurso-formativo-cursos_pensamento-economico\/","alt":"","author":"1","description":"","caption":"","name":"percurso-formativo-cursos_pensamento-economico","status":"inherit","uploaded_to":156,"date":"2021-11-12 19:48:13","modified":"2021-11-12 19:48:13","menu_order":0,"mime_type":"image\/jpeg","type":"image","subtype":"jpeg","icon":"https:\/\/www.unisantos.br\/graduacao\/wp-includes\/images\/media\/default.png","width":1950,"height":1109,"sizes":{"thumbnail":"https:\/\/www.unisantos.br\/graduacao\/wp-content\/uploads\/sites\/4\/2021\/11\/percurso-formativo-cursos_Pensamento-Econ\u00f4mico-150x150.jpg","thumbnail-width":150,"thumbnail-height":150,"medium":"https:\/\/www.unisantos.br\/graduacao\/wp-content\/uploads\/sites\/4\/2021\/11\/percurso-formativo-cursos_Pensamento-Econ\u00f4mico-300x171.jpg","medium-width":300,"medium-height":171,"medium_large":"https:\/\/www.unisantos.br\/graduacao\/wp-content\/uploads\/sites\/4\/2021\/11\/percurso-formativo-cursos_Pensamento-Econ\u00f4mico-768x437.jpg","medium_large-width":768,"medium_large-height":437,"large":"https:\/\/www.unisantos.br\/graduacao\/wp-content\/uploads\/sites\/4\/2021\/11\/percurso-formativo-cursos_Pensamento-Econ\u00f4mico-1024x582.jpg","large-width":1024,"large-height":582,"1536x1536":"https:\/\/www.unisantos.br\/graduacao\/wp-content\/uploads\/sites\/4\/2021\/11\/percurso-formativo-cursos_Pensamento-Econ\u00f4mico.jpg","1536x1536-width":1536,"1536x1536-height":874,"2048x2048":"https:\/\/www.unisantos.br\/graduacao\/wp-content\/uploads\/sites\/4\/2021\/11\/percurso-formativo-cursos_Pensamento-Econ\u00f4mico.jpg","2048x2048-width":1950,"2048x2048-height":1109}}},{"acf_fc_layout":"texto","texto":"<p>Este percurso permite ao analista internacional acompanhar a hist\u00f3ria do pensamento econ\u00f4mico, desenvolvimentista e brasileiro. Com isso, ter\u00e1 condi\u00e7\u00f5es de ampliar sua percep\u00e7\u00e3o sobre os cen\u00e1rios para a economia, requisito fundamental na elabora\u00e7\u00e3o de an\u00e1lises.<\/p>\n"}]}],"imagem_video":false,"repetidor_video":[{"imagem_video":false,"video":"","link":""}],"mais_informacoes":false,"botao_especial":{"imagem":false,"link":""},"depoimentos":false,"selo":false,"titulo_diferenciais":"Diferenciais do curso","diferenciais":[{"area":"Qualidade comprovada","texto":"<p>Nota 4 na avalia\u00e7\u00e3o do MEC e 4 estrelas (de 5) no Guia da Faculdade do Estad\u00e3o.<\/p>\n"},{"area":"Exclusivo Laborat\u00f3rio de Rela\u00e7\u00f5es Internacionais","texto":"<p>O LARI \u00e9 um excelente campo de est\u00e1gio para os estudantes.<\/p>\n"},{"area":"Conv\u00eanios Internacionais ativos","texto":"<p>Com Universidades da Europa, Am\u00e9rica do Norte, Am\u00e9rica Latina, Oceania e \u00c1frica.<\/p>\n"},{"area":"P\u00f3s-Gradua\u00e7\u00e3o 'Stricto Sensu'","texto":"<p>Atividades de pesquisa em \u00e1reas afins \u2013 Doutorado e Mestrado em Direito Internacional.<\/p>\n"},{"area":"Outros diferenciais","texto":"<p>Setor de Rela\u00e7\u00f5es Internacionais da Cat\u00f3lica de Santos com oferta de est\u00e1gio.<\/p>\n<p>C\u00e1tedra Sergio Vieira de Mello de Direitos Humanos e Refugiados.<\/p>\n<p>Programa de Bolsas de Inicia\u00e7\u00e3o Cient\u00edfica PIBIC \/CNPq.<\/p>\n<p>Proximidade com atividades internacionais do maior porto da Am\u00e9rica Latina e dos fluxos da navega\u00e7\u00e3o mercante de cargas e de passageiros.<\/p>\n<p>Grupo de Pesquisa: A Prote\u00e7\u00e3o da Sociobiodiversidade da Amaz\u00f4nia Brasileira e o Tratado de Coopera\u00e7\u00e3o Amaz\u00f4nica.<\/p>\n<p>Grupo de Pesquisa Governan\u00e7a Global e Regimes Internacionais.<\/p>\n<p>Grupo de Pesquisa em Regimes e Tutelas Constitucionais Ambientais e Internacionais, certificado no Diret\u00f3rio do CNPq.<\/p>\n<p>Conv\u00eanio com a Universidade Steinbeis Berlim, escola de neg\u00f3cios internacionais e empreendedorismo.<\/p>\n<p>Conv\u00eanios com a Caritas, entidade de promo\u00e7\u00e3o e atua\u00e7\u00e3o social que trabalha na defesa dos direitos humanos, presente em 165 pa\u00edses.<\/p>\n<p>Conv\u00eanio com a AIESEC, maior organiza\u00e7\u00e3o de jovens universit\u00e1rios do mundo, presente em 113 pa\u00edses.<\/p>\n<p>Grupo de Pesquisa em Direitos Mar\u00edtimo, Portos e Zona Costeira.<\/p>\n<p>Grupos de Pesquisa em Direitos Humanos e Vulnerabilidades.<\/p>\n<p>Grupos de Pesquisa em Energia e Meio Ambiente.<\/p>\n<p>Grupo de Pesquisa Astropol\u00edtica: Direito e Pol\u00edtica Espacial.<\/p>\n<p>Grupo de Pesquisa em An\u00e1lise de Conjuntura Internacional.<\/p>\n<p>Alunos selecionados para apresentar trabalhos de inicia\u00e7\u00e3o cient\u00edfica no Encontro Anual da Associa\u00e7\u00e3o Brasileira de Rela\u00e7\u00f5es Internacionais.<\/p>\n<p>Semana Anual de Rela\u00e7\u00f5es Internacionais com a participa\u00e7\u00e3o de pesquisadores brasileiros e estrangeiros.<\/p>\n<p>Instituto de Pesquisas Cient\u00edficas e Tecnol\u00f3gicas (Ipeci), com mais de 50 grupos de pesquisa cadastrados no Diret\u00f3rio de Grupos de Pesquisa do CNPq.<\/p>\n<p>Maior complexo de bibliotecas da regi\u00e3o, com base de dados e peri\u00f3dicos eletr\u00f4nicos exclusivos.<\/p>\n"}],"conteudo_curricular":"https:\/\/www.unisantos.br\/wp-content\/uploads\/2026\/02\/Relacoes-Internacionais_2026-em-andamento.pdf"},"_links":{"self":[{"href":"https:\/\/www.unisantos.br\/graduacao\/wp-json\/wp\/v2\/pages\/156"}],"collection":[{"href":"https:\/\/www.unisantos.br\/graduacao\/wp-json\/wp\/v2\/pages"}],"about":[{"href":"https:\/\/www.unisantos.br\/graduacao\/wp-json\/wp\/v2\/types\/page"}],"author":[{"embeddable":true,"href":"https:\/\/www.unisantos.br\/graduacao\/wp-json\/wp\/v2\/users\/1"}],"replies":[{"embeddable":true,"href":"https:\/\/www.unisantos.br\/graduacao\/wp-json\/wp\/v2\/comments?post=156"}],"version-history":[{"count":7,"href":"https:\/\/www.unisantos.br\/graduacao\/wp-json\/wp\/v2\/pages\/156\/revisions"}],"predecessor-version":[{"id":43225,"href":"https:\/\/www.unisantos.br\/graduacao\/wp-json\/wp\/v2\/pages\/156\/revisions\/43225"}],"wp:featuredmedia":[{"embeddable":true,"href":"https:\/\/www.unisantos.br\/graduacao\/wp-json\/wp\/v2\/media\/38424"}],"wp:attachment":[{"href":"https:\/\/www.unisantos.br\/graduacao\/wp-json\/wp\/v2\/media?parent=156"}],"curies":[{"name":"wp","href":"https:\/\/api.w.org\/{rel}","templated":true}]}}