{"id":125,"date":"2013-06-18T15:54:29","date_gmt":"2013-06-18T18:54:29","guid":{"rendered":"https:\/\/www.unisantos.br\/?page_id=125"},"modified":"2022-03-07T15:00:08","modified_gmt":"2022-03-07T18:00:08","slug":"filosofia","status":"publish","type":"page","link":"https:\/\/www.unisantos.br\/graduacao\/filosofia\/","title":{"rendered":"Filosofia"},"content":{"rendered":"<p><strong>Licenciatura<\/strong><\/p>\n<p><strong>Per\u00edodo<\/strong><br \/>\nNoite<\/p>\n<p><strong style=\"line-height: 1.5em\">Dura\u00e7\u00e3o<br \/>\n<\/strong>8 semestres\u00a0(*)<br \/>\n(*) Em atendimento \u00e0 Resolu\u00e7\u00e3o do MEC CNE\/CP n\u00ba 02, de 01\/07\/2015, que obriga todas as institui\u00e7\u00f5es a oferecerem os cursos de Licenciatura em 4 anos<\/p>\n<p><a class=\"botao-curso\" href=\"https:\/\/www.unisantos.br\/graduacao\/filosofia\/diferenciais-filosofia\/\" target=\"_blank\" rel=\"noopener\">Diferenciais<\/a>\u00a0<a class=\"botao-curso\" href=\"https:\/\/www.unisantos.br\/bolsas\/\">Bolsas<\/a> <a class=\"botao-curso\" href=\"https:\/\/www.unisantos.br\/convenio-com-empresas\/\">Conv\u00eanios<\/a> <a class=\"botao-curso\" href=\"https:\/\/www.unisantos.br\/graduacao\/filosofia\/programa-de-estagio\/\" target=\"_blank\" rel=\"noopener\">Est\u00e1gio<\/a> <a class=\"botao-curso\" href=\"https:\/\/www.unisantos.br\/internacional\/convenios\/\">Interc\u00e2mbio<\/a> <a class=\"botao-curso\" href=\"https:\/\/www.unisantos.br\/graduacao\/filosofia\/noticias-do-curso-de-filosofia\/\" target=\"_blank\" rel=\"noopener\">Not\u00edcias<\/a><\/p>\n<p>O Curso de FILOSOFIA<b>\u00a0<\/b>da Cat\u00f3lica de Santos, criado em 1971, \u00e9 pioneiro na Regi\u00e3o Metropolitana da Baixada Santista e o \u00fanico em regime presencial.\u00a0Por meio do conhecimento de concep\u00e7\u00f5es filos\u00f3ficas, o curso propicia a compreens\u00e3o cr\u00edtica do processo de constitui\u00e7\u00e3o da cultura ocidental.\u00a0Nele, quest\u00f5es de \u00e9tica, pol\u00edtica, est\u00e9tica, l\u00f3gica, conhecimento e educa\u00e7\u00e3o s\u00e3o problematizadas. \u00c9 um curso voltado \u00e0 forma\u00e7\u00e3o de profissionais culturalmente esclarecidos, com consci\u00eancia de que somos sujeitos ativos nos processos de constitui\u00e7\u00e3o do mundo e da subjetividade dos homens.<\/p>\n<p><strong>Onde voc\u00ea pode trabalhar<\/strong><br \/>\n\u2022\u00a0Lecionar no Ensino Fundamental e no Ensino M\u00e9dio, participando de maneira criativa e cr\u00edtica do cotidiano escolar e do cen\u00e1rio atual da Educa\u00e7\u00e3o brasileira<br \/>\n\u2022\u00a0\u00c1reas afins \u00e0 Filosofia e \u00e0 Educa\u00e7\u00e3o<br \/>\n\u2022\u00a0Espa\u00e7os e assessorias culturais<\/p>\n","protected":false},"excerpt":{"rendered":"<p>Licenciatura Per\u00edodo Noite Dura\u00e7\u00e3o 8 semestres\u00a0(*) (*) Em atendimento \u00e0 Resolu\u00e7\u00e3o do MEC CNE\/CP n\u00ba 02, de 01\/07\/2015, que obriga todas as [&hellip;]<\/p>\n","protected":false},"author":1,"featured_media":38411,"parent":0,"menu_order":0,"comment_status":"open","ping_status":"closed","template":"curso.php","meta":{"footnotes":""},"acf":{"endereco":"<p><img loading=\"lazy\" decoding=\"async\" class=\"alignnone size-full wp-image-35713\" src=\"https:\/\/www.unisantos.br\/graduacao\/wp-content\/uploads\/sites\/4\/2020\/09\/pin.png\" alt=\"\" width=\"24\" height=\"31\" \/><br \/>\nCampus Dom Id\u00edlio Jos\u00e9 Soares<br \/>\nAvenida Conselheiro N\u00e9bias, 300 &#8211; Vila Mathias<\/p>\n","coordenador":"<p><strong><img loading=\"lazy\" decoding=\"async\" class=\"alignnone wp-image-36943 size-full\" src=\"https:\/\/www.unisantos.br\/graduacao\/wp-content\/uploads\/sites\/4\/2021\/05\/1af0de6f-2e33-42ac-b809-bec6ae192c43.jpg\" alt=\"\" width=\"188\" height=\"214\" \/><\/strong><\/p>\n<p><strong>Coordenadora do Curso de Filosofia<br \/>\n<\/strong>Prof\u00aa. Me.\u00a0Let\u00edcia Caricari Seco Maciel Louren\u00e7o<\/p>\n<p><img loading=\"lazy\" decoding=\"async\" class=\"alignnone size-full wp-image-35714\" src=\"https:\/\/www.unisantos.br\/graduacao\/wp-content\/uploads\/sites\/4\/2020\/09\/tel.png\" alt=\"\" width=\"17\" height=\"24\" \/>Telefone:\u00a03205-5555 &#8211; ramal 1320<br \/>\n<img loading=\"lazy\" decoding=\"async\" class=\"alignnone size-full wp-image-35712\" src=\"https:\/\/www.unisantos.br\/graduacao\/wp-content\/uploads\/sites\/4\/2020\/09\/email.png\" alt=\"\" width=\"23\" height=\"18\" \/>E-mail: coord.filo@unisantos.br<\/p>\n","diretor":"<p><strong><img loading=\"lazy\" decoding=\"async\" class=\"alignnone size-full wp-image-36193\" src=\"https:\/\/www.unisantos.br\/graduacao\/wp-content\/uploads\/sites\/4\/2020\/10\/paulo.png\" alt=\"\" width=\"190\" height=\"190\" \/><\/strong><\/p>\n<p><strong>Diretor do Centro de Ci\u00eancias da Educa\u00e7\u00e3o e Comunica\u00e7\u00e3o<\/strong><br \/>\nProf. Me.\u00a0Paulo Roberto B\u00f6rnsen Vibiam<\/p>\n<p><img loading=\"lazy\" decoding=\"async\" class=\"alignnone size-full wp-image-35712\" src=\"https:\/\/www.unisantos.br\/graduacao\/wp-content\/uploads\/sites\/4\/2020\/09\/email.png\" alt=\"\" width=\"23\" height=\"18\" \/>E-mail:\u00a0dir.ccedc@unisantos.br<\/p>\n","rodape":"<p><strong>Fundamento legal para o funcionamento do curso<\/strong><br \/>\n<strong>Autoriza\u00e7\u00e3o:\u00a0<\/strong>Decreto n\u00ba 69.792\/1971<br \/>\n<strong>Reconhecimento:\u00a0<\/strong>Decreto n\u00ba 75.497\/1975<br \/>\n<strong>\u00daltima renova\u00e7\u00e3o de reconhecimento:\u00a0<\/strong>Portaria MEC n\u00ba 1.095\/2015<\/p>\n","duracao":"8 semestres","estrutura_unica":"","onde_trabalhar":"Lecionar no Ensino Fundamental e no Ensino M\u00e9dio, participando de maneira criativa e cr\u00edtica do cotidiano escolar e do cen\u00e1rio atual da Educa\u00e7\u00e3o brasileira \/\u00a0\u00c1reas afins \u00e0 Filosofia e \u00e0 Educa\u00e7\u00e3o \/\u00a0Espa\u00e7os e assessorias culturais","periodo":["manha"],"conceito-mec":{"conceito":"Conceito Enade","valor":""},"modalidade":["presencial"],"video":"","icone":"https:\/\/www.unisantos.br\/graduacao\/wp-content\/uploads\/sites\/4\/2021\/10\/FILOSOFIA.svg","texto_premio":"VENHA FAZER UM DOS <br \/>\r\nCURSOS <B>MAIS PREMIADOS<\/B> <br \/>\r\nDO PA\u00cdS E O <B>MELHOR<\/B> <br \/>\r\nDA REGI\u00c3O","premios":[{"imagem":"https:\/\/www.unisantos.br\/graduacao\/wp-content\/uploads\/sites\/4\/2021\/10\/mec3-branco.png","link":""},{"imagem":"https:\/\/www.unisantos.br\/graduacao\/wp-content\/uploads\/sites\/4\/2021\/10\/Filosofia.jpg","link":""}],"titulo_conv":"<b>PARCERIAS<\/b> ESTRAT\u00c9GICAS","convenios":false,"descricao_conv":"O Curso de FILOSOFIA da UNISANTOS, por meio do conhecimento de concep\u00e7\u00f5es filos\u00f3ficas, propicia a compreens\u00e3o cr\u00edtica do processo de constru\u00e7\u00e3o da cultura ocidental, formando profissionais com a consci\u00eancia de que todos somos sujeitos ativos nos processos de constitui\u00e7\u00e3o do mundo e da subjetividade dos homens.","conteudos":[{"area":{"value":"diferenciais","label":"Diferenciais do Curso"},"tipo":"texto","texto":"<p>\u2022 Curso bem avaliado, com 4 estrelas (de 5) no Guia da Faculdade do Estad\u00e3o e nota 3\u00a0na avalia\u00e7\u00e3o do MEC.<\/p>\n<p>\u2022 Programa de Inicia\u00e7\u00e3o Cient\u00edfica: trabalho de pesquisa com oportunidade de bolsas CNPq, Fapesp ou Cat\u00f3lica de Santos.<\/p>\n<p>\u2022 Forma\u00e7\u00e3o com compet\u00eancia profissional reconhecida pelo mercado de trabalho, com o diferencial de forma\u00e7\u00e3o docente para trabalho com Filosofia para Crian\u00e7as, Jovens e Adultos.<\/p>\n<p>\u2022 \u00danica institui\u00e7\u00e3o na regi\u00e3o a ter um Programa de P\u00f3s-gradua\u00e7\u00e3o Stricto Sensu com Mestrado e Doutorado em Educa\u00e7\u00e3o.<\/p>\n<p>\u2022 Exclusivo Programa Institucional de Bolsa de Inicia\u00e7\u00e3o \u00e0 Doc\u00eancia (Pibid), que possibilita a pr\u00e1tica docente a partir dos primeiros semestres, com bolsas de estudo concedidas pela Capes.<\/p>\n<p>\u2022 \u00danica universidade de Santos selecionada pelo MEC\/Capes para oferta do Programa de Forma\u00e7\u00e3o Emergencial de Professores da Educa\u00e7\u00e3o B\u00e1sica (Parfor), por meio de concess\u00e3o de bolsas de estudo integrais, no \u00e2mbito de 1\u00aa. e 2\u00aa. licenciaturas.<\/p>\n<p>\u2022 C\u00e1tedra Paulo Freire \u2013 ambiente para constru\u00e7\u00e3o de um novo espa\u00e7o dial\u00f3gico em educa\u00e7\u00e3o pelo interc\u00e2mbio entre a comunidade e a Universidade.<\/p>\n<p>\u2022 Grupo de Pesquisa em Educa\u00e7\u00e3o, Sociedade e Hist\u00f3ria.<\/p>\n<p>\u2022 Grupo de Pesquisa Interdisciplinar de Estudos Culturais.<\/p>\n<p>\u2022 Grupo de Pesquisa em Pr\u00e1ticas Pedag\u00f3gicas: Pesquisa e Forma\u00e7\u00e3o.<\/p>\n<p>\u2022 Grupo de Pesquisa em Institui\u00e7\u00f5es de Ensino: Pol\u00edticas e Pr\u00e1ticas Pedag\u00f3gicas.<\/p>\n<p>\u2022 Grupo de Pesquisa em Pol\u00edticas P\u00fablicas em Educa\u00e7\u00e3o: Trabalho, Pesquisa e Forma\u00e7\u00e3o.<\/p>\n<p>\u2022 Grupo de Estudos Filos\u00f3ficos, onde alunos e professores fazem reflex\u00f5es sobre Friedrich Nietzsche e Ludwig Wittgenstein.<\/p>\n<p>\u2022 Grupo de Estudos Interdisciplinar sobre Sa\u00fade e Sexualidade na perspectiva do quadro da vulnerabilidade e dos Direitos Humanos (Geispeq).<\/p>\n<p>\u2022 Projeto Cultural que inclui Coral Universit\u00e1rio, Coral Gregoriano, Grupo Experimental de Teatro \u2013 Gextus, Orquestra Sinf\u00f4nica Jovem e Projeto Canto que Toca.<\/p>\n<p>\u2022 Projeto de Pesquisa acerca da rela\u00e7\u00e3o entre a l\u00f3gica, linguagem, ontologia e epistemologia, com fundamenta\u00e7\u00e3o no pensamento de Bertrand Russell.<\/p>\n<p>\u2022 Projeto de Pesquisa e Extens\u00e3o Justi\u00e7a Restaurativa em parceria com a Secretaria Municipal de Educa\u00e7\u00e3o.<\/p>\n<p>\u2022 Sede da V Olimp\u00edada de Filosofia do Estado de S\u00e3o Paulo.<\/p>\n<p>\u2022 Estudos do Meio, atividade na qual os estudantes visitam museus, parques, teatros e exposi\u00e7\u00f5es para suplementar a forma\u00e7\u00e3o acad\u00eamica.<\/p>\n<p>\u2022 Instituto de Pesquisas Cient\u00edficas e Tecnol\u00f3gicas (Ipeci), com mais de 40 grupos de pesquisa cadastrados no Diret\u00f3rio de Grupos de Pesquisas do CNPq.<\/p>\n<p>\u2022 Laborat\u00f3rio de Informa\u00e7\u00e3o, Arquivo e Mem\u00f3ria da Educa\u00e7\u00e3o (Liame).<\/p>\n<p>\u2022 Observat\u00f3rio de Forma\u00e7\u00e3o de Profissionais da Educa\u00e7\u00e3o: Pesquisa-Forma\u00e7\u00e3o.<\/p>\n","link":""},{"area":{"value":"pesquisa","label":"Pesquisa"},"tipo":"link","texto":"","link":""},{"area":{"value":"extensao","label":"Extens\u00e3o"},"tipo":"link","texto":"","link":""},{"area":{"value":"conteudo-curricular","label":"Conte\u00fado Curricular"},"tipo":"link","texto":"","link":"https:\/\/www.unisantos.br\/wp-content\/uploads\/2021\/01\/Filosofia.pdf"},{"area":{"value":"estagio","label":"Est\u00e1gio"},"tipo":"texto","texto":"<p>Cursando Licenciatura em FILOSOFIA\u00a0na Cat\u00f3lica de Santos, o aluno tem a oportunidade de estagiar nas escolas conveniadas, observando pr\u00e1ticas docentes de professores de Filosofia, desenvolvendo projetos did\u00e1ticos e efetuando a reg\u00eancia supervisionada de aulas de Filosofia no Ensino M\u00e9dio. Tamb\u00e9m \u00e9 poss\u00edvel o desenvolvimento de projetos de pesquisa e extens\u00e3o acad\u00eamica.<\/p>\n","link":""},{"area":{"value":"noticias","label":"Not\u00edcias"},"tipo":"texto","texto":"<p><strong>2022<\/strong><\/p>\n<p><a href=\"https:\/\/www.unisantos.br\/portal\/noticias\/patrimonio-unisantos-prefeitura-de-guaruja-e-iphan-realizam-visita-tecnica-na-fortaleza-da-barra-e-preparam-intervencoes-para-acessibilidade\/\" target=\"_blank\" rel=\"noopener\">\u2022\u00a0PATRIM\u00d4NIO \u2013 UNISANTOS, Prefeitura de Guaruj\u00e1 e Iphan realizam visita t\u00e9cnica na Fortaleza da Barra e preparam interven\u00e7\u00f5es para acessibilidade<\/a><\/p>\n<p>&nbsp;<\/p>\n<p><strong>2021<\/strong><\/p>\n<p><a href=\"https:\/\/www.unisantos.br\/portal\/noticias\/destaque-unisantos-esta-entre-as-melhores-instituicoes-do-pais-na-avaliacao-do-guia-da-faculdade-quero-estadao-2021-foram-conquistadas-106-estrelas\/\" target=\"_blank\" rel=\"noopener\">\u2022\u00a0DESTAQUE \u2013 Universidade Cat\u00f3lica de Santos est\u00e1 entre as melhores institui\u00e7\u00f5es do Pa\u00eds na avalia\u00e7\u00e3o do Guia da Faculdade Quero\/Estad\u00e3o 2021. Foram conquistadas 106 estrelas<\/a><\/p>\n<p>&nbsp;<\/p>\n<p><strong>2020<\/strong><\/p>\n<p><a href=\"https:\/\/www.unisantos.br\/portal\/noticias\/cultura-estudante-de-filosofia-e-egresso-de-jornalismo-integram-equipe-de-producao-de-obra-sobre-lendas-de-sao-vicente\/\" target=\"_blank\" rel=\"noopener\">\u2022\u00a0CULTURA &#8211; Estudante de Filosofia e egresso de Jornalismo da UNISANTOS integram equipe de produ\u00e7\u00e3o de obra sobre lendas de S\u00e3o Vicente<\/a><\/p>\n<p><a href=\"https:\/\/www.unisantos.br\/portal\/noticias\/reconhecimento-com-100-estrelas-conquistadas-unisantos-e-a-instituicao-numero-1-da-regiao-e-e-destaque-tambem-na-area-de-ciencias-exatas-e-informatica-no-guia-da-faculdade-estadao-quero-ed\/\" target=\"_blank\" rel=\"noopener\">\u2022\u00a0RECONHECIMENTO \u2013 Com 100 estrelas, UNISANTOS \u00e9 a institui\u00e7\u00e3o n\u00famero 1 da regi\u00e3o e \u00e9 destaque tamb\u00e9m na \u00e1rea de Ci\u00eancias Exatas e Inform\u00e1tica, no Guia da Faculdade Estad\u00e3o<\/a><\/p>\n<p><a href=\"https:\/\/www.unisantos.br\/portal\/noticias\/publicacoes-editora-universitaria-leopoldianum-lanca-ebooks-totalmente-gratuitos-nas-areas-de-educacao-psicologia-literatura-e-logistica\/\">\u2022\u00a0PUBLICA\u00c7\u00d5ES \u2013 Editora Universit\u00e1ria Leopoldianum lan\u00e7a ebooks, totalmente gratuitos, nas \u00e1reas de Educa\u00e7\u00e3o, Psicologia, Literatura e Log\u00edstica<\/a><\/p>\n<p>&nbsp;<\/p>\n<p><strong>2019<\/strong><\/p>\n<p><a href=\"https:\/\/www.unisantos.br\/portal\/geral\/guia-estadao-curso-de-filosofia-esta-entre-os-melhores-do-pais\/\" target=\"_blank\" rel=\"noopener\">\u2022\u00a0GUIA ESTAD\u00c3O &#8211; Curso de Filosofia est\u00e1 entre os melhores do Pa\u00eds<\/a><\/p>\n<p><a href=\"https:\/\/www.unisantos.br\/wp-content\/uploads\/2019\/12\/Seminaristas-entregam-Trabalho-de-Conclus%C3%A3o-de-Curso-de-Filosofia_Presen%C3%A7a-Diocesana.pdf\" target=\"_blank\" rel=\"noopener\">\u2022\u00a0PESQUISA \u2013 Entrega de TCC de Filosofia \u00e9 destaque no Jornal Presen\u00e7a Diocesana<\/a><\/p>\n<p><a href=\"https:\/\/www.unisantos.br\/portal\/noticias\/extensao-coordenador-de-extensao-universitaria-participa-de-eventos-nacional-e-internacional-em-passo-fundo\/\">\u2022 EXTENS\u00c3O \u2013 Coordenador de Extens\u00e3o Universit\u00e1ria participa de eventos nacional e internacional, no RS<\/a><\/p>\n<p><a href=\"https:\/\/www.unisantos.br\/portal\/noticias\/educacao-catolica-secretario-da-congregacao-para-a-educacao-catolica-da-santa-se-dom-angelo-vincenzo-zani-realiza-conferencias-para-dirigentes-docentes-e-estudantes-da-unisantos\/\">\u2022 EDUCA\u00c7\u00c3O CAT\u00d3LICA \u2013 Secret\u00e1rio da Congrega\u00e7\u00e3o para a Educa\u00e7\u00e3o Cat\u00f3lica da Santa S\u00e9, Dom Angelo Vincenzo Zani realiza confer\u00eancias para dirigentes, docentes e estudantes<\/a><\/p>\n<p><a href=\"https:\/\/www.unisantos.br\/portal\/noticias\/extensao-docentes-representam-a-instituicao-na-comissao-interinstitucional-de-educacao-ambiental-e-no-conselho-nacional-de-recursos-hidricos\/\">\u2022 COMUNIDADE \u2013 Docentes est\u00e3o na Comiss\u00e3o de Educa\u00e7\u00e3o Ambiental e no Conselho Nacional de Recursos H\u00eddricos<\/a><\/p>\n<p><a href=\"https:\/\/www.unisantos.br\/portal\/noticias\/aldeia-estudantes-de-biologia-historia-pedagogia-e-letras-participam-de-estudo-do-meio-em-aldeia-indigena\/\">\u2022\u00a0ALDEIA \u2013 Estudantes de Biologia, Hist\u00f3ria, Pedagogia e Letras participam de estudo do meio em aldeia ind\u00edgena<\/a><\/p>\n<p><a href=\"https:\/\/www.unisantos.br\/portal\/noticias\/anec-baixada-santista-encontro-de-formacao-discute-o-bioma-amazonia-e-visao-pastoral-relacionada-ao-sinodo-pan-amazonico\/\">\u2022\u00a0ANEC \u2013 Encontro de Forma\u00e7\u00e3o discute o bioma Amaz\u00f4nia e vis\u00e3o pastoral relacionada ao S\u00ednodo Pan-Amaz\u00f4nico<\/a><\/p>\n<p><a href=\"https:\/\/www.unisantos.br\/portal\/noticias\/inovacao-laboratorio-de-inteligencia-artificial-abre-novas-possibilidades-para-solucoes-em-diferentes-areas-e-negocios\/\">\u2022\u00a0INOVA\u00c7\u00c3O TECNOL\u00d3GICA \u2013 In\u00e9dito na Regi\u00e3o Metropolitana da Baixada Santista, Laborat\u00f3rio de Intelig\u00eancia Artificial abre novas possibilidades para solu\u00e7\u00f5es em diferentes \u00e1reas<\/a><\/p>\n<p>\u2022 <a href=\"https:\/\/www.unisantos.br\/portal\/noticias\/excelencia-formado-em-filosofia-que-cursa-doutorado-no-chile-e-exemplo-de-fe-e-determinacao\/\">EXCEL\u00caNCIA \u2013 Formado em Filosofia que cursa doutorado no Chile \u00e9 exemplo de f\u00e9 e determina\u00e7\u00e3o<strong><br \/>\n<\/strong><\/a><a href=\"https:\/\/www.unisantos.br\/portal\/noticias\/equipe-da-fecs-e-bicampea-do-torneio-integracao-universitaria\/\"><br \/>\n\u2022 ESPORTE \u2013 Equipe da FECS \u00e9 bicampe\u00e3 do Torneio Integra\u00e7\u00e3o Universit\u00e1ria UNISANTOS- TIUNI 2019<\/a><strong><br \/>\n<\/strong><br \/>\n<a href=\"https:\/\/www.unisantos.br\/portal\/noticias\/publicacao-e-book-sobre-o-porto-de-santos-e-regiao-contribui-para-elaboracao-de-politicas-publicas-para-o-desenvolvimento-sustentavel\/\">\u2022 PUBLICA\u00c7\u00c3O \u2013 E-book sobre o Porto de Santos e regi\u00e3o contribui para elabora\u00e7\u00e3o de pol\u00edticas p\u00fablicas<\/a><strong><br \/>\n<\/strong><a href=\"https:\/\/www.unisantos.br\/portal\/noticias\/sinodo-pan-amazonia-dom-claudio-hummes-alerta-sobre-o-futuro-do-planeta-a-importancia-da-amazonia-e-dos-povos-indigenas\/\"><br \/>\n\u2022 S\u00cdNODO PAN-AMAZ\u00d4NIA \u2013 Dom Cl\u00e1udio Hummes alerta sobre a import\u00e2ncia da Amaz\u00f4nia e dos povos ind\u00edgenas<\/a><strong><br \/>\n<\/strong><a href=\"https:\/\/www.unisantos.br\/portal\/noticias\/cultura-comite-tecnico-que-busca-titulo-de-patrimonio-mundial-para-fortificacoes-da-regiao-realiza-primeira-apresentacao-publica\/\"><br \/>\n\u2022 CULTURA \u2013 Comit\u00ea t\u00e9cnico que busca t\u00edtulo de Patrim\u00f4nio Mundial para fortifica\u00e7\u00f5es da regi\u00e3o realiza primeira apresenta\u00e7\u00e3o p\u00fablica<\/a><\/p>\n<p><a href=\"https:\/\/www.unisantos.br\/portal\/noticias\/avaliacao-do-mec-unisantos-tem-o-maior-conceito-da-regiao-e-esta-entre-as-melhores-do-brasil-e-do-estado-de-sao-paulo\/\">\u2022 AVALIA\u00c7\u00c3O DO MEC: UNISANTOS tem o maior conceito da regi\u00e3o no \u00cdndice Geral de Cursos (IGC) e est\u00e1 entre as melhores do Brasil e do Estado de S\u00e3o Paulo<br \/>\n<\/a><a href=\"https:\/\/www.unisantos.br\/wp-content\/uploads\/2019\/01\/As-melhores-faculdades-e-universidades-particulares-do-Brasil.pdf\" target=\"_blank\" rel=\"noopener\"><br \/>\n\u2022 Portal Exame da Editora Abril destaca a UNISANTOS entre as melhores universidades do Brasil, conforme avalia\u00e7\u00e3o do Minist\u00e9rio da Educa\u00e7\u00e3o<\/a><\/p>\n<p><strong><br \/>\n2018<\/strong><\/p>\n<p><a href=\"https:\/\/www.unisantos.br\/wp-content\/uploads\/2018\/12\/economia-colaborativa.pdf\" target=\"_blank\" rel=\"noopener\">\u2022 Professora da UNISANTOS fala sobre economia colaborativa em mat\u00e9ria publicada na AT Revista<\/a><strong><br \/>\n<\/strong><a href=\"https:\/\/www.unisantos.br\/portal\/noticias\/mobilidade-academica-estudantes-se-preparam-para-vivenciar-novas-experiencias-em-universidades-da-espanha-mexico-e-portugal\/\"><br \/>\n\u2022 Estudantes se preparam para vivenciar novas experi\u00eancias em Universidades da Espanha, M\u00e9xico e Portugal<\/a><br \/>\n<strong><br \/>\n<\/strong><a href=\"https:\/\/www.unisantos.br\/portal\/noticias\/unisantos-mantem-destaque-na-regiao-com-a-conquista-de-102-estrelas-no-guia-do-estudante-2018-melhores-universidades\/\">\u2022 UNISANTOS mant\u00e9m destaque na regi\u00e3o com a conquista de 102 estrelas no Guia do Estudante 2018 \u2013 Melhores Universidades<\/a><strong><br \/>\n<\/strong><a href=\"https:\/\/www.unisantos.br\/portal\/noticias\/unisantos-formaliza-convenio-com-o-conselho-municipal-de-entidades-de-bairros-de-santos-comeb\/\"><br \/>\n\u2022 UNISANTOS formaliza conv\u00eanio com o Conselho Municipal de Entidades de Bairros de Santos (COMEB)<\/a><\/p>\n<p><a href=\"https:\/\/www.unisantos.br\/portal\/noticias\/convenio-unisantos-formaliza-parceria-com-a-prefeitura-municipal-de-cubatao\/\">\u2022 CONV\u00caNIO \u2013 UNISANTOS formaliza parceria com a Prefeitura Municipal de Cubat\u00e3o<\/a><br \/>\n<a href=\"https:\/\/www.unisantos.br\/wp-content\/uploads\/2018\/11\/convenio-prefeitura-cubatao.pdf\" target=\"_blank\" rel=\"noopener\"><br \/>\n\u2022 Portal da Prefeitura Municipal de Cubat\u00e3o destaca formaliza\u00e7\u00e3o de conv\u00eanio com a UNISANTOS<\/a><strong><br \/>\n<\/strong><a href=\"https:\/\/www.unisantos.br\/wp-content\/uploads\/2018\/10\/UniSantos-ter%C3%A1-vestibular-ind%C3%ADgena.pdf\" target=\"_blank\" rel=\"noopener\"><br \/>\n\u2022 Jornal A Tribuna destaca vestibular espec\u00edfico para professores das aldeias ind\u00edgenas da regi\u00e3o<\/a><strong><br \/>\n<\/strong><a href=\"https:\/\/www.unisantos.br\/portal\/noticias\/enade-2017-cursos-da-unisantos-tem-os-maiores-conceitos-da-regiao-e-estao-entre-os-melhores-do-estado-e-do-pais\/\"><br \/>\n\u2022 ENADE 2017 \u2013 Cursos da UNISANTOS t\u00eam os maiores conceitos da regi\u00e3o e est\u00e3o entre os melhores do Estado e do Pa\u00eds<\/a><strong><br \/>\n<\/strong><a href=\"https:\/\/www.unisantos.br\/portal\/noticias\/esporte-comunicacao-vence-engenharia-e-conquista-o-titulo-da-copa-catolica-de-futsal-2018\/\"><br \/>\n\u2022 ESPORTE: Equipe dos cursos de Comunica\u00e7\u00e3o vence Engenharia e conquista o t\u00edtulo da Copa Cat\u00f3lica de Futsal 2018<\/a><\/p>\n<p><a href=\"https:\/\/www.unisantos.br\/portal\/noticias\/lideranca-e-inteligencia-emocional-e-tema-do-encontro-de-representantes-de-classe\/\">\u2022 Com o tema \u201cLideran\u00e7a e intelig\u00eancia emocional\u201d, Encontro de Representantes de Classe da UNISANTOS promove debate e troca de ideias<\/a><br \/>\n<a href=\"https:\/\/www.unisantos.br\/portal\/noticias\/oportunidade-unisantos-incentiva-recrutamento-e-estimula-interacao-entre-estudantes-e-profissionais-na-21a-feira-de-carreiras\/\"><br \/>\n\u2022 OPORTUNIDADE: UNISANTOS incentiva recrutamento e estimula intera\u00e7\u00e3o entre estudantes e profissionais na 21\u00aa Feira de Carreiras<\/a><\/p>\n<p><a href=\"https:\/\/www.unisantos.br\/portal\/noticias\/unisantos-comemora-67-anos-de-criacao-com-as-instalacoes-da-catedra-padre-waldemar-valle-martins-e-do-instituto-de-teologia-sao-jose-de-anchieta\/\">\u2022 UNISANTOS comemora 67 anos de cria\u00e7\u00e3o com as instala\u00e7\u00f5es da C\u00e1tedra \u201cPadre Waldemar Valle Martins\u201d e do Instituto de Teologia S\u00e3o Jos\u00e9 de Anchieta<\/a><strong><br \/>\n<\/strong><a href=\"https:\/\/www.unisantos.br\/portal\/noticias\/bolsistas-de-iniciacao-a-docencia-120-estudantes-dos-cursos-de-licenciatura-iniciam-novos-projetos-nas-escolas-municipais-da-regiao\/\" target=\"_blank\" rel=\"noopener\"><br \/>\n\u2022 Bolsistas de Inicia\u00e7\u00e3o \u00e0 Doc\u00eancia, estudantes dos cursos de Licenciatura iniciam novos projetos em escolas da regi\u00e3o<\/a><strong><br \/>\n<\/strong><a href=\"https:\/\/www.unisantos.br\/portal\/noticias\/novos-pesquisadores-iniciam-79-projetos-no-programa-de-iniciacao-cientifica-para-a-graduacao\/\" target=\"_blank\" rel=\"noopener\"><br \/>\n\u2022 Estudantes iniciam 79 projetos de pesquisa por meio do Programa de Inicia\u00e7\u00e3o Cient\u00edfica para a Gradua\u00e7\u00e3o<\/a><br \/>\n<strong><br \/>\n<\/strong><a href=\"http:\/\/www.unisantos.br\/wp-content\/uploads\/2018\/07\/Hist\u00f3rias-de-amor-e-sucesso-s\u00e3o-contadas-por-estudantes-e-egressos-da-Unisantos.pdf\" target=\"_blank\" rel=\"noopener\">\u2022 Campanha EU AMO A UNISANTOS inspira estudantes a contarem suas hist\u00f3rias<\/a><br \/>\n<strong><br \/>\n<\/strong><a href=\"http:\/\/www.unisantos.br\/portal\/noticias\/estudantes-de-letras-e-psicologia-e-egresso-de-filosofia-participam-do-fescete\/\">\u2022 Estudantes de Letras e Psicologia e egresso de Filosofia participam do FESCETE<\/a><strong><br \/>\n<\/strong><a href=\"http:\/\/www.unisantos.br\/portal\/noticias\/estudantes-do-coc-novomundo-participam-de-aulas-praticas-em-diferentes-laboratorios\/\"><br \/>\n\u2022 Estudantes do COC Novomundo participam de aulas em diferentes laborat\u00f3rios<\/a><strong><br \/>\n<\/strong><a href=\"http:\/\/www.unisantos.br\/portal\/noticias\/estudantes-de-filosofia-e-musica-visitam-exposicao-do-periodo-barroco\/\"><br \/>\n\u2022 Estudantes de Filosofia e M\u00fasica visitam exposi\u00e7\u00e3o do per\u00edodo Barroco<\/a><\/p>\n<p><a href=\"http:\/\/www.unisantos.br\/portal\/noticias\/equipe-da-fecs-e-a-campea-do-torneio-integracao-universitaria-unisantos\/\">\u2022 Equipe da FECS \u00e9 a campe\u00e3 do Torneio Integra\u00e7\u00e3o Universit\u00e1ria UNISANTOS<\/a><strong><br \/>\n<\/strong><a href=\"http:\/\/www.unisantos.br\/portal\/noticias\/docente-da-unisantos-recebe-comenda-pela-sua-contribuicao-como-pesquisadora\/\"><br \/>\n\u2022 Docente da UNISANTOS recebe comenda pela sua contribui\u00e7\u00e3o como pesquisadora<\/a><strong><br \/>\n<\/strong><strong><br \/>\n<\/strong><a href=\"http:\/\/www.unisantos.br\/wp-content\/uploads\/2018\/04\/O-povo-sempre-fica-de-fora-da-tomada-de-decis\u00f5es-do-Pa\u00eds.pdf\" target=\"_blank\" rel=\"noopener\">\u2022 Docente de Direito Constitucional defende Constituinte para a Reforma Pol\u00edtica<\/a><\/p>\n<p><a href=\"http:\/\/www.unisantos.br\/portal\/noticias\/unisantos-participa-da-formatura-de-alemaes-que-estudaram-na-instituicao\/\">\u2022 Estudantes que cursaram MBA internacional na UNISANTOS recebem certificado<\/a><strong><br \/>\n<\/strong><a href=\"http:\/\/www.unisantos.br\/portal\/noticias\/pesquisadora-da-unisantos-representa-a-instituicao-no-forum-mundial-da-agua\/\"><br \/>\n\u2022 Pesquisadora da UNISANTOS representa a institui\u00e7\u00e3o no F\u00f3rum Mundial da \u00c1gua<\/a><strong><br \/>\n<\/strong><a href=\"http:\/\/www.unisantos.br\/portal\/noticias\/pesquisadores-da-area-da-educacao-participam-de-congresso-em-montevideu-no-uruguai\/\"><br \/>\n\u2022 Pesquisadores da \u00e1rea da Educa\u00e7\u00e3o participam de congresso no Uruguai<\/a><\/p>\n<p>&nbsp;<\/p>\n<p><strong>2017<\/strong><br \/>\n<strong><br \/>\n<\/strong><a href=\"http:\/\/www.unisantos.br\/portal\/noticias\/unisantos-conquista-mais-de-100-estrelas-no-guia-do-estudante-e-e-destaque-na-regiao\/\">\u2022 UNISANTOS conquista mais de 100 estrelas no Guia do Estudante e \u00e9 destaque na regi\u00e3o<\/a><br \/>\n<a href=\"http:\/\/www.unisantos.br\/portal\/noticias\/estudantes-do-ensino-medio-recebem-as-boas-vindas-no-programa-de-educacao-cientifica\/\"><br \/>\n\u2022 Novos estudantes do Ensino M\u00e9dio iniciam no Programa de Educa\u00e7\u00e3o Cient\u00edfica<\/a><strong><br \/>\n<\/strong><a href=\"http:\/\/www.unisantos.br\/portal\/noticias\/programa-de-mobilidade-academica-amplia-espacos-para-os-estudantes-da-unisantos\/\"><br \/>\n\u2022 Programa de Mobilidade Acad\u00eamica amplia espa\u00e7os para os estudantes da UNISANTOS<\/a><\/p>\n<p><a href=\"http:\/\/www.unisantos.br\/portal\/noticias\/estudantes-da-unisantos-participam-de-intercambio-na-espanha-e-em-portugal\/\">\u2022 Estudantes da UNISANTOS participam de interc\u00e2mbio na Espanha e em Portugal<br \/>\n<\/a><br \/>\n<a href=\"http:\/\/www.unisantos.br\/portal\/noticias\/universidade-lanca-o-relatorio-de-responsabilidade-social-acesse-a-publicacao\/\">\u2022 Universidade divulga o Relat\u00f3rio de Responsabilidade Social 2016<\/a><br \/>\n<strong><br \/>\n<\/strong><a href=\"http:\/\/www.unisantos.br\/portal\/noticias\/inscricoes-abertas-para-programas-de-mobilidade-academica-na-espanha-e-mexico-gratuitos\/\">\u2022 Inscri\u00e7\u00f5es para programas de Mobilidade Acad\u00eamica na Espanha e M\u00e9xico, gratuitos<\/a><\/p>\n<p>&nbsp;<\/p>\n<p><strong>2016<\/strong><\/p>\n<p><a href=\"http:\/\/www.unisantos.br\/portal\/noticias\/unisantos-formaliza-acordo-de-cooperacao-com-o-instituto-historico-e-geografico-de-santos\/\">\u2022 UNISANTOS formaliza conv\u00eanio com o Instituto Hist\u00f3rico e Geogr\u00e1fico de Santos<\/a><\/p>\n<p><a href=\"http:\/\/www.unisantos.br\/portal\/noticias\/ato-de-instalacao-da-rede-nossa-santos-sustentavel-reune-28-instituicoes\/\">\u2022 Ato de instala\u00e7\u00e3o da Rede Nossa Santos Sustent\u00e1vel re\u00fane 30 institui\u00e7\u00f5es<\/a><\/p>\n<p><a href=\"http:\/\/www.unisantos.br\/wp-content\/uploads\/2016\/06\/Comunidade-em-A%C3%A7%C3%A3o-F%C3%B3rmula-que-desperta-aluno-%C3%A0-ci%C3%AAncia.pdf\" target=\"_blank\" rel=\"noopener\">\u2022 Inicia\u00e7\u00e3o Cient\u00edfica para o Ensino M\u00e9dio abre s\u00e9rie do Pr\u00eamio Comunidade em A\u00e7\u00e3o<\/a><\/p>\n<p><a href=\"http:\/\/www.unisantos.br\/portal\/noticias\/em-parceria-com-a-unisantos-diocese-de-santos-realiza-a-1a-semana-da-cidadania\/\">\u2022 Em parceria com a UNISANTOS, Diocese de Santos realiza a 1\u00aa Semana da Cidadania<\/a><strong><br \/>\n<\/strong><a href=\"http:\/\/www.unisantos.br\/portal\/noticias\/salas-de-internet-e-de-estudos-sao-novos-espacos-diferenciados-para-os-alunos\/\"><br \/>\n\u2022 Salas de internet e de estudos s\u00e3o novos espa\u00e7os diferenciados para os alunos<\/a><\/p>\n<p><a href=\"http:\/\/www.unisantos.br\/portal\/noticias\/tese-sobre-asilo-de-orfaos-de-santos-e-tema-de-livro-que-sera-lancado-no-dia-30\/\">\u2022 Tese sobre asilo de \u00f3rf\u00e3os de Santos \u00e9 tema de livro que ser\u00e1 lan\u00e7ado no dia 30<\/a><strong><br \/>\n<\/strong><a href=\"http:\/\/www.unisantos.br\/portal\/noticias\/unisantos-divulga-declaracao-da-cnbb-sobre-o-momento-nacional\/\"><br \/>\n\u2022 UNISANTOS divulga Declara\u00e7\u00e3o da CNBB sobre o Momento Nacional<\/a><\/p>\n<p><a href=\"http:\/\/www.unisantos.br\/portal\/noticias\/em-mais-uma-acao-de-preservacao-ambiental-unisantos-investe-em-boleto-sustentavel\/\">\u2022 Em programa de preserva\u00e7\u00e3o ambiental, UNISANTOS investe em Boleto Sustent\u00e1vel<\/a><strong><br \/>\n<\/strong><a href=\"http:\/\/www.unisantos.br\/portal\/noticias\/unisantos-assina-convenio-com-o-instituto-historico-e-geografico-de-sao-vicente\/\"><br \/>\n\u2022 UNISANTOS assina conv\u00eanio com o Instituto Hist\u00f3rico e Geogr\u00e1fico de SV<\/a><\/p>\n<p><a href=\"http:\/\/www.unisantos.br\/portal\/noticias\/unisantos-comemora-30-anos-de-reconhecimento-e-65-anos-de-historia\/\">\u2022 UNISANTOS comemora 30 anos de reconhecimento e 65 anos de hist\u00f3ria<\/a><\/p>\n<p>&nbsp;<\/p>\n<p><strong>2014<\/strong><\/p>\n<p><a href=\"http:\/\/www.unisantos.br\/portal\/noticias\/pesquisadores-participam-de-simposio-nacional-de-historia-cultural\/\">\u2022 Pesquisadores participam de simp\u00f3sio nacional de Hist\u00f3ria Cultural<\/a><\/p>\n<p><a href=\"http:\/\/www.unisantos.br\/portal\/noticias\/em-ranking-da-folha-de-s-paulo-unisantos-e-a-melhor-avaliada-da-regiao\/\">\u2022 Em ranking da Folha de S. Paulo, Cat\u00f3lica de Santos \u00e9 a melhor avaliada da regi\u00e3o<\/a><\/p>\n<p>\u2022\u00a0<a href=\"http:\/\/www.unisantos.br\/wp-content\/uploads\/2014\/06\/Parceria-com-a-Prefeitura-de-Guaruj%C3%A1.pdf\" target=\"_blank\" rel=\"noopener\">Visita da prefeita de Guaruj\u00e1 \u00e0 Universidade \u00e9 destaque na m\u00eddia<\/a><strong><br \/>\n<\/strong><a href=\"http:\/\/www.unisantos.br\/portal\/noticias\/prefeita-de-guaruja-visita-universidade-e-propoe-novas-parcerias\/\"><br \/>\n\u2022 Prefeita de Guaruj\u00e1 visita Universidade e prop\u00f5e novas parcerias<\/a><strong><br \/>\n<\/strong><a href=\"http:\/\/www.unisantos.br\/wp-content\/uploads\/2014\/06\/pibid.pdf\" target=\"_blank\" rel=\"noopener\"><br \/>\n\u2022 Por meio do Pibid, alunos da rede municipal realizam atividades na Cat\u00f3lica de Santos<\/a><br \/>\n<a href=\"http:\/\/www.unisantos.br\/portal\/noticias\/universidade-recebe-alunos-da-ume-cidade-de-santos-que-integram-o-pibid\/\"><br \/>\n\u2022 Estudantes da UME Cidade de Santos realizam atividades na Cat\u00f3lica de Santos<\/a><\/p>\n<p><a title=\"Valoriza\u00e7\u00e3o da doc\u00eancia debatida na VI Jornada de Educa\u00e7\u00e3o \u00e9 destaque na m\u00eddia\" href=\"http:\/\/www.unisantos.br\/wp-content\/uploads\/2014\/05\/jornada-educacao.pdf\" target=\"_blank\" rel=\"noopener\">\u2022 Valoriza\u00e7\u00e3o da doc\u00eancia debatida na VI Jornada de Educa\u00e7\u00e3o \u00e9 destaque na m\u00eddia<\/a><br \/>\n<a href=\"http:\/\/www.unisantos.br\/boletim\/boletim157\/boletim-m1.html\" target=\"_blank\" rel=\"noopener\"><br \/>\n\u2022 Pond\u00e9 abre Jornada de Educa\u00e7\u00e3o<br \/>\n<\/a><br \/>\n<a href=\"http:\/\/www.unisantos.br\/portal\/noticias\/leopoldianum-lanca-obra-sobre-plano-nacional-de-formacao-de-professores\/\">\u2022 Leopoldianum lan\u00e7a obra sobre Plano Nacional de Forma\u00e7\u00e3o de Professores<\/a><\/p>\n<p>&nbsp;<\/p>\n<p><strong>2012<br \/>\n<\/strong><strong><br \/>\n<\/strong><a href=\"http:\/\/www.unisantos.br\/portal\/noticias\/coordenadores-de-histria-biologia-e-filosofia-comentam-nota-mxima-no-enade\/\">\u2022 Coordenadores de Hist\u00f3ria, Biologia e Filosofia comentam nota m\u00e1xima no Enade<\/a><\/p>\n<p>&nbsp;<\/p>\n<p><strong>2009<\/strong><\/p>\n<p><a href=\"http:\/\/www.unisantos.br\/portal\/noticias\/intercmbio-internacional-possibilita-enriquecimento-curricular\/\">\u2022 Interc\u00e2mbio internacional possibilita enriquecimento curricular<\/a><strong><br \/>\n<\/strong><br \/>\n<a href=\"http:\/\/www.unisantos.br\/portal\/noticias\/o-professor-na-era-digital-tema-de-palestra-para-professores\/\">\u2022 \u201cO Professor na Era Digital\u201d \u00e9 tema de palestra para professores<\/a><\/p>\n<p><a href=\"http:\/\/www.unisantos.br\/portal\/noticias\/professor-cubano-faz-palestra-sobre-a-metodologia-da-pesquisa-em-educao\/\">\u2022 Professor cubano faz palestra sobre a Metodologia da pesquisa em Educa\u00e7\u00e3o<\/a><\/p>\n<p>&nbsp;<\/p>\n","link":""}],"certificados":false,"subtitulo":"Licenciatura","menu":false,"codigo":"","percursos_formativos":false,"imagem_video":false,"repetidor_video":false,"mais_informacoes":false,"botao_especial":{"imagem":false,"link":""},"depoimentos":false},"_links":{"self":[{"href":"https:\/\/www.unisantos.br\/graduacao\/wp-json\/wp\/v2\/pages\/125"}],"collection":[{"href":"https:\/\/www.unisantos.br\/graduacao\/wp-json\/wp\/v2\/pages"}],"about":[{"href":"https:\/\/www.unisantos.br\/graduacao\/wp-json\/wp\/v2\/types\/page"}],"author":[{"embeddable":true,"href":"https:\/\/www.unisantos.br\/graduacao\/wp-json\/wp\/v2\/users\/1"}],"replies":[{"embeddable":true,"href":"https:\/\/www.unisantos.br\/graduacao\/wp-json\/wp\/v2\/comments?post=125"}],"version-history":[{"count":0,"href":"https:\/\/www.unisantos.br\/graduacao\/wp-json\/wp\/v2\/pages\/125\/revisions"}],"wp:featuredmedia":[{"embeddable":true,"href":"https:\/\/www.unisantos.br\/graduacao\/wp-json\/wp\/v2\/media\/38411"}],"wp:attachment":[{"href":"https:\/\/www.unisantos.br\/graduacao\/wp-json\/wp\/v2\/media?parent=125"}],"curies":[{"name":"wp","href":"https:\/\/api.w.org\/{rel}","templated":true}]}}