{"id":111,"date":"2013-06-18T15:10:21","date_gmt":"2013-06-18T18:10:21","guid":{"rendered":"https:\/\/www.unisantos.br\/?page_id=111"},"modified":"2025-02-06T13:27:33","modified_gmt":"2025-02-06T16:27:33","slug":"engenharia-ambiental","status":"publish","type":"page","link":"https:\/\/www.unisantos.br\/graduacao\/engenharia-ambiental\/","title":{"rendered":"Engenharia Ambiental"},"content":{"rendered":"<p><strong>Per\u00edodos<br \/>\n<\/strong>Manh\u00e3 e Noite<br \/>\n(O curso \u00e9 oferecido no per\u00edodo matutino at\u00e9 o 4\u00ba. semestre. A partir do 5\u00ba., os estudantes cursam no per\u00edodo noturno)<\/p>\n<p><strong>Dura\u00e7\u00e3o<br \/>\n<\/strong>10 semestres<\/p>\n<p><strong>Conceito MEC<\/strong>\u00a0<strong>5 <\/strong>(nota m\u00e1xima)<\/p>\n<p><a class=\"botao-curso\" href=\"https:\/\/www.unisantos.br\/graduacao\/engenharia-ambiental\/diferenciais-engenharia-ambiental\/\" target=\"_blank\" rel=\"noopener\">Diferenciais<\/a>\u00a0<a class=\"botao-curso\" href=\"https:\/\/www.unisantos.br\/bolsas\/\">Bolsas<\/a> <a class=\"botao-curso\" href=\"https:\/\/www.unisantos.br\/convenio-com-empresas\/\">Conv\u00eanios<\/a> <a class=\"botao-curso\" href=\"https:\/\/www.unisantos.br\/graduacao\/engenharia-ambiental\/programa-de-estagio\/\" target=\"_blank\" rel=\"noopener\">Est\u00e1gio<\/a>\u00a0<a class=\"botao-curso\" href=\"https:\/\/www.unisantos.br\/graduacao\/engenharia-ambiental\/projetos-de-extensao\/\" target=\"_blank\" rel=\"noopener\">Projetos de Extens\u00e3o<\/a>\u00a0<a class=\"botao-curso\" href=\"https:\/\/www.unisantos.br\/internacional\/convenios\/\">Interc\u00e2mbio<\/a> <a class=\"botao-curso\" href=\"https:\/\/www.unisantos.br\/graduacao\/engenharia-ambiental\/noticias-do-curso-de-engenharia-ambiental\/\" target=\"_blank\" rel=\"noopener\">Not\u00edcias<\/a><\/p>\n<p><img loading=\"lazy\" decoding=\"async\" class=\"alignnone size-full wp-image-23736\" src=\"https:\/\/www.unisantos.br\/wp-content\/uploads\/2013\/06\/engenharia-ambiental.png\" alt=\"engenharia-ambiental\" width=\"637\" height=\"213\" \/><\/p>\n<p>O Curso de ENGENHARIA AMBIENTAL\u00a0da Cat\u00f3lica de Santos prepara o aluno para atuar em fun\u00e7\u00f5es t\u00e9cnicas de planejamento, projeto, supervis\u00e3o e controle de sistemas ambientais, capacitando ainda para o desenvolvimento e operacionaliza\u00e7\u00e3o de sistemas de controle ambiental, de modo a eliminar ou controlar impactos no meio ambiente.<\/p>\n<p><strong>Onde voc\u00ea pode trabalhar<\/strong><br \/>\n\u2022 Ind\u00fastrias<br \/>\n\u2022 Escrit\u00f3rios de engenharia<br \/>\n\u2022 Consultorias ambientais<br \/>\n\u2022 \u00d3rg\u00e3os p\u00fablicos<br \/>\n\u2022 Empreendedor<br \/>\n\u2022 Aut\u00f4nomo prestador de servi\u00e7os<br \/>\n\u2022 Prefeituras<\/p>\n<p><strong><strong>Estrutura \u00daNICA que une teoria e pr\u00e1tica<\/strong><\/strong><br \/>\nO Curso de ENGENHARIA AMBIENTAL\u00a0conta com infraestrutura laboratorial com laborat\u00f3rios de qu\u00edmica, f\u00edsica aplicada, geoci\u00eancias, biologia, microbiologia e ecologia, al\u00e9m dos de hidr\u00e1ulica e mec\u00e2nica dos fluidos, solos e topografia. Nesses laborat\u00f3rios o aluno desenvolve pr\u00e1ticas correlacionadas a problemas ambientais do cotidiano. A Cat\u00f3lica de Santos\u00a0disp\u00f5e, ainda, de laborat\u00f3rios de inform\u00e1tica para simula\u00e7\u00e3o e an\u00e1lise de impactos ambientais com programas espec\u00edficos de dispers\u00e3o atmosf\u00e9rica e geoprocessamento, al\u00e9m de biblioteca especializada com acervo bibliogr\u00e1fico e digital espec\u00edfico da \u00e1rea ambiental, com destaque para o banco de dados Greenfile.<\/p>\n","protected":false},"excerpt":{"rendered":"<p>Per\u00edodos Manh\u00e3 e Noite (O curso \u00e9 oferecido no per\u00edodo matutino at\u00e9 o 4\u00ba. semestre. A partir do 5\u00ba., os estudantes cursam [&hellip;]<\/p>\n","protected":false},"author":1,"featured_media":38407,"parent":0,"menu_order":0,"comment_status":"open","ping_status":"closed","template":"curso.php","meta":{"footnotes":""},"acf":{"endereco":"<p><strong><img loading=\"lazy\" decoding=\"async\" class=\"alignnone size-full wp-image-35713\" src=\"https:\/\/www.unisantos.br\/graduacao\/wp-content\/uploads\/sites\/4\/2020\/09\/pin.png\" alt=\"\" width=\"24\" height=\"31\" \/><br \/>\n<\/strong>Campus Dom Id\u00edlio Jos\u00e9 Soares<br \/>\nAvenida Conselheiro N\u00e9bias, 300 &#8211; Vila Mathias<\/p>\n","coordenador":"<p><strong><img loading=\"lazy\" decoding=\"async\" class=\"alignnone size-full wp-image-36201\" src=\"https:\/\/www.unisantos.br\/graduacao\/wp-content\/uploads\/sites\/4\/2020\/10\/cleber-ferrao-1.png\" alt=\"\" width=\"190\" height=\"190\" \/><\/strong><\/p>\n<p><strong>Coordenador do Curso de Engenharia Ambiental<br \/>\nDiretor do Centro de Ci\u00eancias Exatas, Arquitetura e Engenharia<br \/>\n<\/strong>Prof. Dr. Cleber Ferr\u00e3o Corr\u00eaa<\/p>\n<p><img loading=\"lazy\" decoding=\"async\" class=\"alignnone size-full wp-image-35712\" src=\"https:\/\/www.unisantos.br\/graduacao\/wp-content\/uploads\/sites\/4\/2020\/09\/email.png\" alt=\"\" width=\"23\" height=\"18\" \/>E-mail: coord.engamb@unisantos.br<br \/>\n<img loading=\"lazy\" decoding=\"async\" class=\"alignnone size-full wp-image-35712\" src=\"https:\/\/www.unisantos.br\/graduacao\/wp-content\/uploads\/sites\/4\/2020\/09\/email.png\" alt=\"\" width=\"23\" height=\"18\" \/>E-mail: dir.cceae@unisantos.br<\/p>\n","diretor":"","rodape":"<p><strong>Fundamento legal para o funcionamento do curso<\/strong><br \/>\n<strong>Autoriza\u00e7\u00e3o:\u00a0<\/strong>Resolu\u00e7\u00e3o CEPES n\u00ba 8\/2008<br \/>\n<strong>Reconhecimento:<\/strong>\u00a0Portaria MEC n\u00ba 47\/2015<\/p>\n","periodo":["manha","noite"],"duracao":"10 semestres","estrutura_unica":"O Curso de ENGENHARIA AMBIENTAL\u00a0conta com infraestrutura laboratorial com laborat\u00f3rios de qu\u00edmica, f\u00edsica aplicada, geoci\u00eancias, biologia, microbiologia e ecologia, al\u00e9m dos de hidr\u00e1ulica e mec\u00e2nica dos fluidos, solos e topografia. Nesses laborat\u00f3rios o aluno desenvolve pr\u00e1ticas correlacionadas a problemas ambientais do cotidiano. A Cat\u00f3lica de Santos\u00a0disp\u00f5e, ainda, de laborat\u00f3rios de inform\u00e1tica para simula\u00e7\u00e3o e an\u00e1lise de impactos ambientais com programas espec\u00edficos de dispers\u00e3o atmosf\u00e9rica e geoprocessamento, al\u00e9m de biblioteca especializada com acervo bibliogr\u00e1fico e digital espec\u00edfico da \u00e1rea ambiental, com destaque para o banco de dados Greenfile.","onde_trabalhar":"Ind\u00fastrias \/ Escrit\u00f3rios de engenharia \/ Consultorias ambientais \/ \u00d3rg\u00e3os p\u00fablicos \/ Empreendedor \/ Aut\u00f4nomo prestador de servi\u00e7os \/ Prefeituras","conceito-mec":{"conceito":"Conceito MEC","valor":"5"},"modalidade":["presencial"],"video":"https:\/\/www.youtube.com\/watch?v=iWXkpAAX7QY&amp;list=PLZbREJY-9uahkgbkheM8VNzSpJatkfWlF&amp;index=4","icone":"https:\/\/www.unisantos.br\/graduacao\/wp-content\/uploads\/sites\/4\/2021\/11\/ENGENHARIA-AMBIENTAL.svg","texto_premio":"VENHA FAZER UM DOS <br \/>\r\nCURSOS <B>MAIS PREMIADOS<\/B> <br \/>\r\nDO PA\u00cdS E O <B>MELHOR<\/B> <br \/>\r\nDA REGI\u00c3O","premios":[{"imagem":"https:\/\/www.unisantos.br\/graduacao\/wp-content\/uploads\/sites\/4\/2024\/10\/mec5-e1727894622607.png","link":""},{"imagem":"https:\/\/www.unisantos.br\/graduacao\/wp-content\/uploads\/sites\/4\/2024\/10\/SELO-PROJETO-INOVADOR.png","link":""},{"imagem":false,"link":""}],"titulo_conv":"<b>PARCERIAS<\/b> ESTRAT\u00c9GICAS","convenios":[{"logo":"https:\/\/www.unisantos.br\/graduacao\/wp-content\/uploads\/sites\/4\/2021\/11\/dell.png","link":""},{"logo":"https:\/\/www.unisantos.br\/graduacao\/wp-content\/uploads\/sites\/4\/2021\/11\/Latin-american-universities-alliance.png","link":""},{"logo":"https:\/\/www.unisantos.br\/graduacao\/wp-content\/uploads\/sites\/4\/2021\/11\/cbh-bs.png","link":""},{"logo":"https:\/\/www.unisantos.br\/graduacao\/wp-content\/uploads\/sites\/4\/2021\/11\/XIXOV\u00c1.png","link":""},{"logo":"https:\/\/www.unisantos.br\/graduacao\/wp-content\/uploads\/sites\/4\/2021\/11\/pref-santos-1.png","link":""},{"logo":"https:\/\/www.unisantos.br\/graduacao\/wp-content\/uploads\/sites\/4\/2021\/11\/pref-guaruja-1.png","link":""},{"logo":"https:\/\/www.unisantos.br\/graduacao\/wp-content\/uploads\/sites\/4\/2021\/11\/pref-praia-grande-2.png","link":""},{"logo":"https:\/\/www.unisantos.br\/graduacao\/wp-content\/uploads\/sites\/4\/2021\/11\/pref-sao-vicente-1.png","link":""},{"logo":"https:\/\/www.unisantos.br\/graduacao\/wp-content\/uploads\/sites\/4\/2021\/11\/pref-cubatao-1.png","link":""},{"logo":"https:\/\/www.unisantos.br\/graduacao\/wp-content\/uploads\/sites\/4\/2021\/11\/fund-parque-tecnologico.png","link":""},{"logo":"https:\/\/www.unisantos.br\/graduacao\/wp-content\/uploads\/sites\/4\/2021\/11\/gerco.png","link":""},{"logo":"https:\/\/www.unisantos.br\/graduacao\/wp-content\/uploads\/sites\/4\/2021\/11\/IMERSYS-1.png","link":""},{"logo":"https:\/\/www.unisantos.br\/graduacao\/wp-content\/uploads\/sites\/4\/2021\/11\/ALGETEC-1.png","link":""},{"logo":"https:\/\/www.unisantos.br\/graduacao\/wp-content\/uploads\/sites\/4\/2021\/11\/regions4.png","link":""},{"logo":"https:\/\/www.unisantos.br\/graduacao\/wp-content\/uploads\/sites\/4\/2021\/11\/mcgraw-1.png","link":""},{"logo":"https:\/\/www.unisantos.br\/graduacao\/wp-content\/uploads\/sites\/4\/2021\/11\/sec-infra-e-meio-ambiente.png","link":""},{"logo":"https:\/\/www.unisantos.br\/graduacao\/wp-content\/uploads\/sites\/4\/2021\/11\/google-1.png","link":""},{"logo":"https:\/\/www.unisantos.br\/graduacao\/wp-content\/uploads\/sites\/4\/2021\/11\/microsoft-1.png","link":""},{"logo":"https:\/\/www.unisantos.br\/graduacao\/wp-content\/uploads\/sites\/4\/2021\/11\/c\u00e1ritas.png","link":""},{"logo":"https:\/\/www.unisantos.br\/graduacao\/wp-content\/uploads\/sites\/4\/2021\/11\/santander.png","link":""},{"logo":"https:\/\/www.unisantos.br\/graduacao\/wp-content\/uploads\/sites\/4\/2021\/11\/bookman-3.png","link":""},{"logo":"https:\/\/www.unisantos.br\/graduacao\/wp-content\/uploads\/sites\/4\/2021\/11\/ACM-BOOKS-2.png","link":""},{"logo":"https:\/\/www.unisantos.br\/graduacao\/wp-content\/uploads\/sites\/4\/2021\/11\/amazon.png","link":""},{"logo":"https:\/\/www.unisantos.br\/graduacao\/wp-content\/uploads\/sites\/4\/2021\/11\/cadence.png","link":""},{"logo":"https:\/\/www.unisantos.br\/graduacao\/wp-content\/uploads\/sites\/4\/2021\/11\/pearson-1.png","link":""},{"logo":"https:\/\/www.unisantos.br\/graduacao\/wp-content\/uploads\/sites\/4\/2021\/11\/asso-engenheiros-arquitetos-santos.png","link":""},{"logo":"https:\/\/www.unisantos.br\/graduacao\/wp-content\/uploads\/sites\/4\/2021\/11\/ABTRA.png","link":""},{"logo":"https:\/\/www.unisantos.br\/graduacao\/wp-content\/uploads\/sites\/4\/2021\/11\/IBM-2.png","link":""},{"logo":"https:\/\/www.unisantos.br\/graduacao\/wp-content\/uploads\/sites\/4\/2021\/11\/apasem-1.png","link":""}],"descricao_conv":"O Curso de ENGENHARIA AMBIENTAL da UNISANTOS prepara o aluno para atuar em fun\u00e7\u00f5es t\u00e9cnicas de planejamento, projeto, supervis\u00e3o e controle de sistemas ambientais, capacitando ainda para o desenvolvimento e operacionaliza\u00e7\u00e3o de sistemas de controle ambiental, de modo a eliminar ou controlar impactos no meio ambiente.","conteudos":[{"area":{"value":"pesquisa","label":"Pesquisa"},"tipo":"texto","texto":"<ul>\n<li><strong>\u00c1reas de pesquisa:<\/strong><\/li>\n<\/ul>\n<p>Biorremedia\u00e7\u00e3o, biodegrada\u00e7\u00e3o e biocompostos, Direito e pol\u00edtica da sustentabilidade ambiental e social, Fontes renov\u00e1veis, Avalia\u00e7\u00e3o e gerenciamento de riscos ambientais, Patrim\u00f4nio hist\u00f3rico ambiental e Projeto e planejamento urbano territorial.<\/p>\n<ul>\n<li><strong>Grupos de pesquisa:<\/strong><\/li>\n<\/ul>\n<p>Laborat\u00f3rio de Sustentabilidade \u2013 LABSUS<\/p>\n<p>Biotecnologia<\/p>\n<p>Direito Ambiental das Cidades<\/p>\n<p>Energia e Meio Ambiente<\/p>\n<p>Governan\u00e7a Global e Regimes Internacionais<\/p>\n<p>Grupo de Avalia\u00e7\u00e3o de Exposi\u00e7\u00e3o e Risco Ambiental<\/p>\n<p>Grupo de Pesquisa e Desenvolvimento Em Efici\u00eancia Energ\u00e9tica e Energias Alternativas<\/p>\n<p>Laborat\u00f3rio de Engenharia Geof\u00edsica (LEG)<\/p>\n<p>Observat\u00f3rio Socioespacial da Baixada Santista<\/p>\n<p>&nbsp;<\/p>\n","link":""},{"area":{"value":"extensao","label":"Extens\u00e3o"},"tipo":"texto","texto":"<p><strong>ESCRIT\u00d3RIO DE PROJETOS:<\/strong> \u00e9 uma iniciativa proposta pela unidade universit\u00e1ria do CCEAE e seus cursos, incluindo o Bacharelado em Biotecnologia, que busca incentivar a participa\u00e7\u00e3o dos alunos e docentes em atividades de est\u00e1gio obrigat\u00f3rio, est\u00e1gio n\u00e3o obrigat\u00f3rio, extens\u00e3o universit\u00e1ria e pesquisa com realiza\u00e7\u00e3o de trabalhos volunt\u00e1rios ou remunerados e atendimento \u00e0 comunidade acad\u00eamica, as empresas, a sociedade civil organizada e a comunidade em geral, como forma de estreitar a liga\u00e7\u00e3o entre a Universidade e sociedade.<\/p>\n<p><strong>UNISANTOS VERDE:<\/strong> fornece um panorama geral das iniciativas da Universidade relacionadas ao meio ambiente e \u00e0 sustentabilidade. Neste espa\u00e7o, a universidade registra e mostra pesquisas de alunos e professores na \u00e1rea ambiental, al\u00e9m de projetos, eventos e atividades de interesse da comunidade.<\/p>\n<p><strong>SALA VERDE:<\/strong> Compreende um espa\u00e7o did\u00e1tico e de pesquisa a servi\u00e7o da interdisciplinaridade e da extens\u00e3o com foco nas quest\u00f5es voltadas ao meio ambiente e sustentabilidade.<\/p>\n<p><strong>PLANO MUNICIPAL DE CONSERVA\u00c7\u00c3O E RECUPERA\u00c7\u00c3O DA MATA ATL\u00c2NTICA (PMMA):<\/strong> docentes do curso atuam na Comiss\u00e3o do PMMA do Munic\u00edpio de Santos, devido sua import\u00e2ncia e grau de amea\u00e7a, a Mata Atl\u00e2ntica foi protegida por lei espec\u00edfica, a Lei da Mata Atl\u00e2ntica (Lei 11.428\/2006, regulamentada pelo Decreto 6660\/2008), que disp\u00f5e sobre a utiliza\u00e7\u00e3o e prote\u00e7\u00e3o da sua vegeta\u00e7\u00e3o nativa e abriu a possibilidade dos munic\u00edpios atuarem na implementa\u00e7\u00e3o da Lei atrav\u00e9s do Plano Municipal de Conserva\u00e7\u00e3o e Recupera\u00e7\u00e3o da Mata Atl\u00e2ntica \u2013 PMMA.<\/p>\n<p><strong>COMISS\u00c3O MUNICIPAL DE ADAPTA\u00c7\u00c3O \u00c0 MUDAN\u00c7A DO CLIMA (CMMC):<\/strong> docentes do curso atuam junto a esta comiss\u00e3o no Munic\u00edpio de Santos para ampliar e contribuir com a discuss\u00e3o t\u00e9cnica sobre o tema e as poss\u00edveis a\u00e7\u00f5es de mitiga\u00e7\u00e3o a serem planejadas.<\/p>\n","link":""},{"area":{"value":"conteudo-curricular","label":"Conte\u00fado Curricular"},"tipo":"link","texto":"<p><strong>ESCRIT\u00d3RIO DE PROJETOS:<\/strong> \u00e9 uma iniciativa proposta pela unidade universit\u00e1ria do CCEAE e seus cursos, incluindo o Bacharelado em Biotecnologia, que busca incentivar a participa\u00e7\u00e3o dos alunos e docentes em atividades de est\u00e1gio obrigat\u00f3rio, est\u00e1gio n\u00e3o obrigat\u00f3rio, extens\u00e3o universit\u00e1ria e pesquisa com realiza\u00e7\u00e3o de trabalhos volunt\u00e1rios ou remunerados e atendimento \u00e0 comunidade acad\u00eamica, as empresas, a sociedade civil organizada e a comunidade em geral, como forma de estreitar a liga\u00e7\u00e3o entre a Universidade e sociedade.<\/p>\n<p><strong>UNISANTOS VERDE:<\/strong> fornece um panorama geral das iniciativas da Universidade relacionadas ao meio ambiente e \u00e0 sustentabilidade. Neste espa\u00e7o, a universidade registra e mostra pesquisas de alunos e professores na \u00e1rea ambiental, al\u00e9m de projetos, eventos e atividades de interesse da comunidade.<\/p>\n<p><strong>SALA VERDE:<\/strong> Compreende um espa\u00e7o did\u00e1tico e de pesquisa a servi\u00e7o da interdisciplinaridade e da extens\u00e3o com foco nas quest\u00f5es voltadas ao meio ambiente e sustentabilidade.<\/p>\n<p><strong>PLANO MUNICIPAL DE CONSERVA\u00c7\u00c3O E RECUPERA\u00c7\u00c3O DA MATA ATL\u00c2NTICA (PMMA):<\/strong> docentes do curso atuam na Comiss\u00e3o do PMMA do Munic\u00edpio de Santos, devido sua import\u00e2ncia e grau de amea\u00e7a, a Mata Atl\u00e2ntica foi protegida por lei espec\u00edfica, a Lei da Mata Atl\u00e2ntica (Lei 11.428\/2006, regulamentada pelo Decreto 6660\/2008), que disp\u00f5e sobre a utiliza\u00e7\u00e3o e prote\u00e7\u00e3o da sua vegeta\u00e7\u00e3o nativa e abriu a possibilidade dos munic\u00edpios atuarem na implementa\u00e7\u00e3o da Lei atrav\u00e9s do Plano Municipal de Conserva\u00e7\u00e3o e Recupera\u00e7\u00e3o da Mata Atl\u00e2ntica \u2013 PMMA.<\/p>\n<p><strong>COMISS\u00c3O MUNICIPAL DE ADAPTA\u00c7\u00c3O \u00c0 MUDAN\u00c7A DO CLIMA (CMMC):<\/strong> docentes do curso atuam junto a esta comiss\u00e3o no Munic\u00edpio de Santos para ampliar e contribuir com a discuss\u00e3o t\u00e9cnica sobre o tema e as poss\u00edveis a\u00e7\u00f5es de mitiga\u00e7\u00e3o a serem planejadas.<\/p>\n","link":""},{"area":{"value":"estagio","label":"Est\u00e1gio"},"tipo":"link","texto":"","link":""},{"area":{"value":"noticias","label":"Not\u00edcias"},"tipo":"link","texto":"<p>A UNISANTOS oferece a oportunidade de estagiar, fazer visitas t\u00e9cnicas e desenvolver atividades em diferentes segmentos industriais e prestadores de servi\u00e7os da regi\u00e3o da Baixada Santista que a Universidade trabalha em parceria, por meio do Instituto de Pesquisa Cient\u00edfica (Ipeci).<\/p>\n","link":""}],"certificados":false,"subtitulo":"","menu":[{"icone":"https:\/\/www.unisantos.br\/graduacao\/wp-content\/uploads\/sites\/4\/2021\/11\/barra-escura-bolsas-1.svg","link":{"title":"Bolsas","url":" https:\/\/portal.unisantos.br\/bolsas\/","target":""}},{"icone":"https:\/\/www.unisantos.br\/graduacao\/wp-content\/uploads\/sites\/4\/2021\/11\/barra-escura-intercambio.svg","link":{"title":"Interc\u00e2mbio","url":"https:\/\/www.unisantos.br\/internacional\/intercambio-mobilidade-academica\/","target":""}}],"codigo":"1215","percursos_formativos":[{"titulo":"Biotecnologia Ambiental","conteudo":[{"acf_fc_layout":"imagem","imagem":{"ID":40155,"id":40155,"title":"percurso_formativo_-_cursos_BIOTECNOLOGIA_AMBIENTAL","filename":"percurso_formativo_-_cursos_BIOTECNOLOGIA_AMBIENTAL.jpg","filesize":295368,"url":"https:\/\/www.unisantos.br\/graduacao\/wp-content\/uploads\/sites\/4\/2021\/11\/percurso_formativo_-_cursos_BIOTECNOLOGIA_AMBIENTAL.jpg","link":"https:\/\/www.unisantos.br\/graduacao\/engenharia-ambiental\/percurso_formativo_-_cursos_biotecnologia_ambiental\/","alt":"","author":"12","description":"","caption":"","name":"percurso_formativo_-_cursos_biotecnologia_ambiental","status":"inherit","uploaded_to":111,"date":"2021-11-19 13:00:50","modified":"2021-11-19 13:05:38","menu_order":0,"mime_type":"image\/jpeg","type":"image","subtype":"jpeg","icon":"https:\/\/www.unisantos.br\/graduacao\/wp-includes\/images\/media\/default.png","width":1950,"height":1109,"sizes":{"thumbnail":"https:\/\/www.unisantos.br\/graduacao\/wp-content\/uploads\/sites\/4\/2021\/11\/percurso_formativo_-_cursos_BIOTECNOLOGIA_AMBIENTAL-150x150.jpg","thumbnail-width":150,"thumbnail-height":150,"medium":"https:\/\/www.unisantos.br\/graduacao\/wp-content\/uploads\/sites\/4\/2021\/11\/percurso_formativo_-_cursos_BIOTECNOLOGIA_AMBIENTAL-300x171.jpg","medium-width":300,"medium-height":171,"medium_large":"https:\/\/www.unisantos.br\/graduacao\/wp-content\/uploads\/sites\/4\/2021\/11\/percurso_formativo_-_cursos_BIOTECNOLOGIA_AMBIENTAL-768x437.jpg","medium_large-width":768,"medium_large-height":437,"large":"https:\/\/www.unisantos.br\/graduacao\/wp-content\/uploads\/sites\/4\/2021\/11\/percurso_formativo_-_cursos_BIOTECNOLOGIA_AMBIENTAL-1024x582.jpg","large-width":1024,"large-height":582,"1536x1536":"https:\/\/www.unisantos.br\/graduacao\/wp-content\/uploads\/sites\/4\/2021\/11\/percurso_formativo_-_cursos_BIOTECNOLOGIA_AMBIENTAL.jpg","1536x1536-width":1536,"1536x1536-height":874,"2048x2048":"https:\/\/www.unisantos.br\/graduacao\/wp-content\/uploads\/sites\/4\/2021\/11\/percurso_formativo_-_cursos_BIOTECNOLOGIA_AMBIENTAL.jpg","2048x2048-width":1950,"2048x2048-height":1109}}},{"acf_fc_layout":"texto","texto":"<p>Neste percurso, o estudante de Engenharia Ambiental conhecer\u00e1 os setores ligados \u00e0 utiliza\u00e7\u00e3o da biodiversidade no cen\u00e1rio da biotecnologia no Brasil. Discutir\u00e1 a necessidade de sele\u00e7\u00e3o de plantas e microrganismos visando processos biotecnol\u00f3gicos de valor econ\u00f4mico como uma alternativa para enfrentar os desafios cada vez maiores da degrada\u00e7\u00e3o, preven\u00e7\u00e3o, monitoramento e restaura\u00e7\u00e3o do meio ambiente.<\/p>\n"}]},{"titulo":"Geom\u00e1tica Aplicada a Modelagem Ambiental","conteudo":[{"acf_fc_layout":"imagem","imagem":{"ID":40151,"id":40151,"title":"percurso_formativo_-_cursos_GEOM\u00c1TICA_APLICADA","filename":"percurso_formativo_-_cursos_GEOM\u00c1TICA_APLICADA.jpg","filesize":258087,"url":"https:\/\/www.unisantos.br\/graduacao\/wp-content\/uploads\/sites\/4\/2021\/11\/percurso_formativo_-_cursos_GEOM\u00c1TICA_APLICADA.jpg","link":"https:\/\/www.unisantos.br\/graduacao\/engenharia-ambiental\/percurso_formativo_-_cursos_geomatica_aplicada\/","alt":"","author":"12","description":"","caption":"","name":"percurso_formativo_-_cursos_geomatica_aplicada","status":"inherit","uploaded_to":111,"date":"2021-11-19 13:00:26","modified":"2021-11-19 13:05:38","menu_order":0,"mime_type":"image\/jpeg","type":"image","subtype":"jpeg","icon":"https:\/\/www.unisantos.br\/graduacao\/wp-includes\/images\/media\/default.png","width":1950,"height":1109,"sizes":{"thumbnail":"https:\/\/www.unisantos.br\/graduacao\/wp-content\/uploads\/sites\/4\/2021\/11\/percurso_formativo_-_cursos_GEOM\u00c1TICA_APLICADA-150x150.jpg","thumbnail-width":150,"thumbnail-height":150,"medium":"https:\/\/www.unisantos.br\/graduacao\/wp-content\/uploads\/sites\/4\/2021\/11\/percurso_formativo_-_cursos_GEOM\u00c1TICA_APLICADA-300x171.jpg","medium-width":300,"medium-height":171,"medium_large":"https:\/\/www.unisantos.br\/graduacao\/wp-content\/uploads\/sites\/4\/2021\/11\/percurso_formativo_-_cursos_GEOM\u00c1TICA_APLICADA-768x437.jpg","medium_large-width":768,"medium_large-height":437,"large":"https:\/\/www.unisantos.br\/graduacao\/wp-content\/uploads\/sites\/4\/2021\/11\/percurso_formativo_-_cursos_GEOM\u00c1TICA_APLICADA-1024x582.jpg","large-width":1024,"large-height":582,"1536x1536":"https:\/\/www.unisantos.br\/graduacao\/wp-content\/uploads\/sites\/4\/2021\/11\/percurso_formativo_-_cursos_GEOM\u00c1TICA_APLICADA.jpg","1536x1536-width":1536,"1536x1536-height":874,"2048x2048":"https:\/\/www.unisantos.br\/graduacao\/wp-content\/uploads\/sites\/4\/2021\/11\/percurso_formativo_-_cursos_GEOM\u00c1TICA_APLICADA.jpg","2048x2048-width":1950,"2048x2048-height":1109}}},{"acf_fc_layout":"texto","texto":"<p>Neste percurso o aluno de Engenharia Ambiental desenvolver\u00e1 e aplicar\u00e1 conceitos, metodologias e tecnologias das ci\u00eancias geod\u00e9sicas em estudos urbanos e ambientais. Desenvolver\u00e1 a constru\u00e7\u00e3o de modelos estat\u00edsticos ou determin\u00edsticos, produtos cartogr\u00e1ficos, invent\u00e1rios de processos geodin\u00e2micos e a constru\u00e7\u00e3o de modelos preditivos para a an\u00e1lise de susceptibilidade, perigo, vulnerabilidade e risco ambiental.<\/p>\n"}]},{"titulo":"Planejamento Urbano Ambiental","conteudo":[{"acf_fc_layout":"imagem","imagem":{"ID":39937,"id":39937,"title":"percurso formativo - cursos_Opera\u00e7\u00f5es (Produ\u00e7\u00e3o e Suprimentos - ci economicas","filename":"percurso-formativo-cursos_Opera\u00e7\u00f5es-Produ\u00e7\u00e3o-e-Suprimentos-ci-economicas.jpg","filesize":248522,"url":"https:\/\/www.unisantos.br\/graduacao\/wp-content\/uploads\/sites\/4\/2021\/11\/percurso-formativo-cursos_Opera\u00e7\u00f5es-Produ\u00e7\u00e3o-e-Suprimentos-ci-economicas.jpg","link":"https:\/\/www.unisantos.br\/graduacao\/ciencias-economicas\/percurso-formativo-cursos_operacoes-producao-e-suprimentos-ci-economicas\/","alt":"","author":"1","description":"","caption":"","name":"percurso-formativo-cursos_operacoes-producao-e-suprimentos-ci-economicas","status":"inherit","uploaded_to":101,"date":"2021-11-10 18:37:50","modified":"2021-11-10 18:37:50","menu_order":0,"mime_type":"image\/jpeg","type":"image","subtype":"jpeg","icon":"https:\/\/www.unisantos.br\/graduacao\/wp-includes\/images\/media\/default.png","width":1950,"height":1109,"sizes":{"thumbnail":"https:\/\/www.unisantos.br\/graduacao\/wp-content\/uploads\/sites\/4\/2021\/11\/percurso-formativo-cursos_Opera\u00e7\u00f5es-Produ\u00e7\u00e3o-e-Suprimentos-ci-economicas-150x150.jpg","thumbnail-width":150,"thumbnail-height":150,"medium":"https:\/\/www.unisantos.br\/graduacao\/wp-content\/uploads\/sites\/4\/2021\/11\/percurso-formativo-cursos_Opera\u00e7\u00f5es-Produ\u00e7\u00e3o-e-Suprimentos-ci-economicas-300x171.jpg","medium-width":300,"medium-height":171,"medium_large":"https:\/\/www.unisantos.br\/graduacao\/wp-content\/uploads\/sites\/4\/2021\/11\/percurso-formativo-cursos_Opera\u00e7\u00f5es-Produ\u00e7\u00e3o-e-Suprimentos-ci-economicas-768x437.jpg","medium_large-width":768,"medium_large-height":437,"large":"https:\/\/www.unisantos.br\/graduacao\/wp-content\/uploads\/sites\/4\/2021\/11\/percurso-formativo-cursos_Opera\u00e7\u00f5es-Produ\u00e7\u00e3o-e-Suprimentos-ci-economicas-1024x582.jpg","large-width":1024,"large-height":582,"1536x1536":"https:\/\/www.unisantos.br\/graduacao\/wp-content\/uploads\/sites\/4\/2021\/11\/percurso-formativo-cursos_Opera\u00e7\u00f5es-Produ\u00e7\u00e3o-e-Suprimentos-ci-economicas.jpg","1536x1536-width":1536,"1536x1536-height":874,"2048x2048":"https:\/\/www.unisantos.br\/graduacao\/wp-content\/uploads\/sites\/4\/2021\/11\/percurso-formativo-cursos_Opera\u00e7\u00f5es-Produ\u00e7\u00e3o-e-Suprimentos-ci-economicas.jpg","2048x2048-width":1950,"2048x2048-height":1109}}},{"acf_fc_layout":"texto","texto":"<p><span style=\"font-weight: 400;\">O planejamento urbano ambiental \u00e9 um processo essencial para centros urbanos e regi\u00f5es metropolitanas, auxiliando o engenheiro ambiental no entendimento e planejamento da ocupa\u00e7\u00e3o racional e no equil\u00edbrio ambiental do territ\u00f3rio na perspectiva da sustentabilidade.<\/span><\/p>\n"}]},{"titulo":"Pr\u00e1ticas de Gest\u00e3o Empresarial","conteudo":[{"acf_fc_layout":"imagem","imagem":{"ID":39940,"id":39940,"title":"percurso formativo - cursos_Pr\u00e1ticas de Gest\u00e3o Empresarial","filename":"percurso-formativo-cursos_Pr\u00e1ticas-de-Gest\u00e3o-Empresarial.jpg","filesize":261801,"url":"https:\/\/www.unisantos.br\/graduacao\/wp-content\/uploads\/sites\/4\/2021\/11\/percurso-formativo-cursos_Pr\u00e1ticas-de-Gest\u00e3o-Empresarial.jpg","link":"https:\/\/www.unisantos.br\/graduacao\/engenharia-ambiental\/percurso-formativo-cursos_praticas-de-gestao-empresarial\/","alt":"","author":"1","description":"","caption":"","name":"percurso-formativo-cursos_praticas-de-gestao-empresarial","status":"inherit","uploaded_to":111,"date":"2021-11-10 18:40:19","modified":"2021-11-10 18:40:19","menu_order":0,"mime_type":"image\/jpeg","type":"image","subtype":"jpeg","icon":"https:\/\/www.unisantos.br\/graduacao\/wp-includes\/images\/media\/default.png","width":1950,"height":1109,"sizes":{"thumbnail":"https:\/\/www.unisantos.br\/graduacao\/wp-content\/uploads\/sites\/4\/2021\/11\/percurso-formativo-cursos_Pr\u00e1ticas-de-Gest\u00e3o-Empresarial-150x150.jpg","thumbnail-width":150,"thumbnail-height":150,"medium":"https:\/\/www.unisantos.br\/graduacao\/wp-content\/uploads\/sites\/4\/2021\/11\/percurso-formativo-cursos_Pr\u00e1ticas-de-Gest\u00e3o-Empresarial-300x171.jpg","medium-width":300,"medium-height":171,"medium_large":"https:\/\/www.unisantos.br\/graduacao\/wp-content\/uploads\/sites\/4\/2021\/11\/percurso-formativo-cursos_Pr\u00e1ticas-de-Gest\u00e3o-Empresarial-768x437.jpg","medium_large-width":768,"medium_large-height":437,"large":"https:\/\/www.unisantos.br\/graduacao\/wp-content\/uploads\/sites\/4\/2021\/11\/percurso-formativo-cursos_Pr\u00e1ticas-de-Gest\u00e3o-Empresarial-1024x582.jpg","large-width":1024,"large-height":582,"1536x1536":"https:\/\/www.unisantos.br\/graduacao\/wp-content\/uploads\/sites\/4\/2021\/11\/percurso-formativo-cursos_Pr\u00e1ticas-de-Gest\u00e3o-Empresarial.jpg","1536x1536-width":1536,"1536x1536-height":874,"2048x2048":"https:\/\/www.unisantos.br\/graduacao\/wp-content\/uploads\/sites\/4\/2021\/11\/percurso-formativo-cursos_Pr\u00e1ticas-de-Gest\u00e3o-Empresarial.jpg","2048x2048-width":1950,"2048x2048-height":1109}}},{"acf_fc_layout":"texto","texto":"<p><span style=\"font-weight: 400;\">O conhecimento aprofundado sobre o contexto organizacional e as pr\u00e1ticas de gest\u00e3o facilitar\u00e1 a compreens\u00e3o sobre os desafios para implanta\u00e7\u00e3o de um SGA (Sistema de Gest\u00e3o Ambiental), al\u00e9m de elucidar caminhos para a ado\u00e7\u00e3o de princ\u00edpios de sustentabilidade como crit\u00e9rios estrat\u00e9gicos para a condu\u00e7\u00e3o dos neg\u00f3cios, atendendo \u00e0s exig\u00eancias crescentes por solu\u00e7\u00f5es socioambientalmente respons\u00e1veis, em equil\u00edbrio com as expectativas do desenvolvimento econ\u00f4mico.<\/span><\/p>\n"}]}],"imagem_video":false,"repetidor_video":[{"imagem_video":false,"video":"https:\/\/www.youtube.com\/watch?v=iWXkpAAX7QY","link":""},{"imagem_video":false,"video":"https:\/\/www.youtube.com\/watch?v=u4sgbYukVeU","link":""}],"mais_informacoes":false,"botao_especial":{"imagem":false,"link":""},"depoimentos":[{"texto":"Acredito que todo o embasamento te\u00f3rico do curso culmina em uma forma\u00e7\u00e3o ampla e plural. Outro ponto fundamental s\u00e3o os docentes. No curso de Engenharia Ambiental tive a oportunidade de entrar em contato com diversos professores que s\u00e3o refer\u00eancias na \u00e1rea ambiental. Isso \u00e9 imprescind\u00edvel na quest\u00e3o da vis\u00e3o de futuro e eles acabam servindo como modelos inevitavelmente. Ent\u00e3o, do meu ponto de vista, a UniSantos contribuiu principalmente nessa quest\u00e3o do networking e na aproxima\u00e7\u00e3o dos alunos com pessoas importantes da \u00e1rea, tanto atrav\u00e9s das aulas quanto dos eventos.<br \/>\r\n","foto":{"ID":40546,"id":40546,"title":"BEATRIZ-MENDON\u00c7A","filename":"BEATRIZ-MENDON\u00c7A.png","filesize":18609,"url":"https:\/\/www.unisantos.br\/graduacao\/wp-content\/uploads\/sites\/4\/2022\/02\/BEATRIZ-MENDON\u00c7A.png","link":"https:\/\/www.unisantos.br\/graduacao\/engenharia-ambiental\/beatriz-mendonca\/","alt":"","author":"1","description":"","caption":"","name":"beatriz-mendonca","status":"inherit","uploaded_to":111,"date":"2022-02-01 16:47:52","modified":"2022-02-01 16:47:52","menu_order":0,"mime_type":"image\/png","type":"image","subtype":"png","icon":"https:\/\/www.unisantos.br\/graduacao\/wp-includes\/images\/media\/default.png","width":160,"height":160,"sizes":{"thumbnail":"https:\/\/www.unisantos.br\/graduacao\/wp-content\/uploads\/sites\/4\/2022\/02\/BEATRIZ-MENDON\u00c7A-150x150.png","thumbnail-width":150,"thumbnail-height":150,"medium":"https:\/\/www.unisantos.br\/graduacao\/wp-content\/uploads\/sites\/4\/2022\/02\/BEATRIZ-MENDON\u00c7A.png","medium-width":160,"medium-height":160,"medium_large":"https:\/\/www.unisantos.br\/graduacao\/wp-content\/uploads\/sites\/4\/2022\/02\/BEATRIZ-MENDON\u00c7A.png","medium_large-width":160,"medium_large-height":160,"large":"https:\/\/www.unisantos.br\/graduacao\/wp-content\/uploads\/sites\/4\/2022\/02\/BEATRIZ-MENDON\u00c7A.png","large-width":160,"large-height":160,"1536x1536":"https:\/\/www.unisantos.br\/graduacao\/wp-content\/uploads\/sites\/4\/2022\/02\/BEATRIZ-MENDON\u00c7A.png","1536x1536-width":160,"1536x1536-height":160,"2048x2048":"https:\/\/www.unisantos.br\/graduacao\/wp-content\/uploads\/sites\/4\/2022\/02\/BEATRIZ-MENDON\u00c7A.png","2048x2048-width":160,"2048x2048-height":160}},"nome":"BEATRIZ MENDON\u00c7A","descricao":"FORMADA PELO CURSO DE <B>ENGENHARIA AMBIENTAL<\/B> DA UNISANTOS"}],"selo":false,"titulo_diferenciais":"Diferenciais do curso","diferenciais":[{"area":"Curso de excel\u00eancia","texto":"<p>Nota 5 (m\u00e1xima) na avalia\u00e7\u00e3o do MEC e 3 estrelas no Guia da Faculdade do Estad\u00e3o.<\/p>\n"},{"area":"Instituto de Pesquisas Cient\u00edficas e Tecnol\u00f3gicas (Ipeci)","texto":"<p>Infraestrutura laboratorial anal\u00edtica de ponta que possibilita: remedia\u00e7\u00e3o ambiental de \u00e1reas contaminadas; tratamento de efluentes industriais; tratamento de emana\u00e7\u00f5es atmosf\u00e9ricas industriais; produ\u00e7\u00e3o de biog\u00e1s para gera\u00e7\u00e3o de energia el\u00e9trica; e avalia\u00e7\u00e3o de \u00e1reas contaminadas.<\/p>\n"},{"area":"Maior Programa de Inicia\u00e7\u00e3o Cient\u00edfica e Inicia\u00e7\u00e3o Tecnol\u00f3gica da regi\u00e3o","texto":"<p>Bolsas do CNPq e da UNISANTOS.<\/p>\n"},{"area":"Elabora\u00e7\u00e3o da Agenda Ambiental Portu\u00e1ria do Porto de Santos","texto":"<p>Parceria com a Codesp e Cetesb.<\/p>\n"},{"area":"Outros diferenciais","texto":"<p>Corpo docente que inclui doutores com atua\u00e7\u00e3o na \u00e1rea ambiental.<\/p>\n<p>Softwares para simula\u00e7\u00e3o e an\u00e1lise de impactos ambientais.<\/p>\n<p>Grupo de Pesquisa em Geotecnologia Ambiental.<\/p>\n<p>Grupo de Pesquisa em Biotecnologia.<\/p>\n<p>Grupo de Pesquisa em Energia e Meio Ambiente.<\/p>\n<p>Grupo de Pesquisa Operacional e Log\u00edstica (GPOLog).<\/p>\n<p>Grupo de Pesquisa em Sustentabilidade Ambiental.<\/p>\n<p>Laborat\u00f3rios de Geoci\u00eancias, Bot\u00e2nica, Microbiologia, Biotecnologia, Qu\u00edmica Ambiental e Herb\u00e1rio.<\/p>\n<p>Gerenciamento da Agenda 21 de Cubat\u00e3o.<\/p>\n<p>Realiza\u00e7\u00e3o do Centro de Experimenta\u00e7\u00e3o em Desenvolvimento Sustent\u00e1vel no Litoral Norte de SP.<\/p>\n<p>C\u00e2mara de Media\u00e7\u00e3o de Conflitos Socioambientais, Urban\u00edsticos e Empresariais.<\/p>\n<p>Monitoramento ambiental da dragagem de aprofundamento do canal do Porto de Santos.<\/p>\n<p>Participa\u00e7\u00e3o no Comit\u00ea da Bacia Hidrogr\u00e1fica da Baixada Santista e do Gerenciamento Costeiro do Estado de S\u00e3o Paulo.<\/p>\n<p>Cap\u00edtulos Estudantis da Society Exploration Geophysicists Student Chapter (SEG) e da Society of Petroleum Engineers Student Chapter (SPE).<\/p>\n<p>Instituto de Pesquisas Cient\u00edficas e Tecnol\u00f3gicas (Ipeci), com mais de 50 grupos de pesquisa cadastrados no Diret\u00f3rio de Grupos de Pesquisas do CNPq.<\/p>\n<p>Maior programa de Inicia\u00e7\u00e3o Cient\u00edfica e Inicia\u00e7\u00e3o Tecnol\u00f3gica da regi\u00e3o com bolsas do CNPq.<\/p>\n<p>Maior complexo de bibliotecas da regi\u00e3o, com base de dados e peri\u00f3dicos eletr\u00f4nicos exclusivos.<\/p>\n"}],"conteudo_curricular":"https:\/\/www.unisantos.br\/wp-content\/uploads\/2023\/11\/Engenharia-Ambiental_2024.pdf"},"_links":{"self":[{"href":"https:\/\/www.unisantos.br\/graduacao\/wp-json\/wp\/v2\/pages\/111"}],"collection":[{"href":"https:\/\/www.unisantos.br\/graduacao\/wp-json\/wp\/v2\/pages"}],"about":[{"href":"https:\/\/www.unisantos.br\/graduacao\/wp-json\/wp\/v2\/types\/page"}],"author":[{"embeddable":true,"href":"https:\/\/www.unisantos.br\/graduacao\/wp-json\/wp\/v2\/users\/1"}],"replies":[{"embeddable":true,"href":"https:\/\/www.unisantos.br\/graduacao\/wp-json\/wp\/v2\/comments?post=111"}],"version-history":[{"count":0,"href":"https:\/\/www.unisantos.br\/graduacao\/wp-json\/wp\/v2\/pages\/111\/revisions"}],"wp:featuredmedia":[{"embeddable":true,"href":"https:\/\/www.unisantos.br\/graduacao\/wp-json\/wp\/v2\/media\/38407"}],"wp:attachment":[{"href":"https:\/\/www.unisantos.br\/graduacao\/wp-json\/wp\/v2\/media?parent=111"}],"curies":[{"name":"wp","href":"https:\/\/api.w.org\/{rel}","templated":true}]}}